{"id":198,"date":"2013-10-15T10:59:50","date_gmt":"2013-10-15T08:59:50","guid":{"rendered":"http:\/\/www.2x3.pl\/?page_id=198"},"modified":"2024-11-28T15:57:54","modified_gmt":"2024-11-28T14:57:54","slug":"tablice-obrotowo-jezdne","status":"publish","type":"page","link":"https:\/\/www.2x3.pl\/pl\/tablice-szkolne\/tablice-obrotowo-jezdne\/","title":{"rendered":"Tablice obrotowo-jezdne"},"content":{"rendered":"<p><br \/>\nPraktyczna, mobilna tablica (na k\u00f3\u0142kach), kt\u00f3ra daje wiele mo\u017cliwo\u015bci poprzez szybk\u0105 i \u0142atw\u0105 zmian\u0119 miejsca ekspozycji. Dwustronna powierzchnia pisania (<a title=\"obrotowe - kredowe\" href=\"https:\/\/www.2x3.pl\/produkty\/tablice-szkolne\/tablice-obrotowo-jezdne\/#kredowe\">zielona<\/a> lub <a title=\"obrotowe - sucho\u015bcieralne\" href=\"https:\/\/www.2x3.pl\/produkty\/tablice-szkolne\/tablice-obrotowo-jezdne\/#suchoscieralne\">bia\u0142a<\/a>) oraz mo\u017cliwo\u015b\u0107 \u0142atwego obrotu to jej kolejne atuty, kt\u00f3re mog\u0105 by\u0107 wykorzystywane np. w zaj\u0119ciach z podzia\u0142em na dwie grupy. Cechy motoryczne tablicy oraz wysoka jako\u015b\u0107 u\u017cytych materia\u0142\u00f3w niew\u0105tpliwie podnosz\u0105 komfort u\u017cytkowania i uatrakcyjniaj\u0105 zaj\u0119cia, wyk\u0142ady, szkolenia i konferencje.<\/p>\n<p><a id=\"kredowe\" name=\"kredowe\"><\/a><span class=\"product-code\">TOK UKF<\/span><\/p>\n<h2>Tablica obrotowa kredowa magnetyczna w ramie UKF<\/h2>\n<p><img loading=\"lazy\" decoding=\"async\" class=\"aligncenter size-full wp-image-4394\" src=\"https:\/\/www.2x3.pl\/wp-content\/uploads\/2021\/02\/TOK1710_UKF.png\" alt=\"Tablica kredowa obrotowo-jezdna w ramie UKF.\" width=\"600\" height=\"729\" \/><\/p>\n<hr \/>\n\n\t\t<!-- MasterSlider -->\n\t\t<div id=\"P_MS69f1c3608d6b9\" class=\"master-slider-parent msl ms-parent-id-68\" style=\"max-width:600px;\">\n\n\t\t\t\n\t\t\t<!-- MasterSlider Main -->\n\t\t\t<div id=\"MS69f1c3608d6b9\" class=\"master-slider ms-skin-default\" >\n\t\t\t\t \t\t\t\t \n\t\t\t\t<div  class=\"ms-slide\" data-delay=\"3\" data-fill-mode=\"fill\"  >\n\t\t\t\t\t<img decoding=\"async\" src=\"https:\/\/www.2x3.pl\/wp-content\/plugins\/master-slider\/public\/assets\/css\/blank.gif\" alt=\"Tablica szkolna kredowa obrotowo-jezdna, w ramie aluminiowej UKF\" title=\"\" data-src=\"https:\/\/www.2x3.pl\/wp-content\/uploads\/2016\/10\/tok_ukf_det1.jpg\" \/>\n\n\n\t<img decoding=\"async\" class=\"ms-thumb\" src=\"https:\/\/www.2x3.pl\/wp-content\/uploads\/2016\/10\/tok_ukf_det1-100x80.jpg\" alt=\"Tablica szkolna kredowa obrotowo-jezdna, w ramie aluminiowej UKF\" \/>\n\t<div class=\"ms-thumb\" ><div class=\"ms-tab-context\"><div class=\"&quot;ms-tab-context&quot;\"><\/div><\/div>\n<\/div>\n\t\t\t\t<\/div>\n\t\t\t\t<div  class=\"ms-slide\" data-delay=\"3\" data-fill-mode=\"fill\"  >\n\t\t\t\t\t<img decoding=\"async\" src=\"https:\/\/www.2x3.pl\/wp-content\/plugins\/master-slider\/public\/assets\/css\/blank.gif\" alt=\"Tablica szkolna kredowa obrotowo-jezdna, w ramie aluminiowej UKF\" title=\"\" data-src=\"https:\/\/www.2x3.pl\/wp-content\/uploads\/2016\/10\/tok_ukf_det2.jpg\" \/>\n\n\n\t<img decoding=\"async\" class=\"ms-thumb\" src=\"https:\/\/www.2x3.pl\/wp-content\/uploads\/2016\/10\/tok_ukf_det2-100x80.jpg\" alt=\"Tablica szkolna kredowa obrotowo-jezdna, w ramie aluminiowej UKF\" \/>\n\t<div class=\"ms-thumb\" ><div class=\"ms-tab-context\"><div class=\"&quot;ms-tab-context&quot;\"><\/div><\/div>\n<\/div>\n\t\t\t\t<\/div>\n\t\t\t\t<div  class=\"ms-slide\" data-delay=\"3\" data-fill-mode=\"fill\"  >\n\t\t\t\t\t<img decoding=\"async\" src=\"https:\/\/www.2x3.pl\/wp-content\/plugins\/master-slider\/public\/assets\/css\/blank.gif\" alt=\"Tablica szkolna kredowa obrotowo-jezdna, w ramie aluminiowej UKF\" title=\"\" data-src=\"https:\/\/www.2x3.pl\/wp-content\/uploads\/2016\/10\/tok_ukf_det3.jpg\" \/>\n\n\n\t<img decoding=\"async\" class=\"ms-thumb\" src=\"https:\/\/www.2x3.pl\/wp-content\/uploads\/2016\/10\/tok_ukf_det3-100x80.jpg\" alt=\"Tablica szkolna kredowa obrotowo-jezdna, w ramie aluminiowej UKF\" \/>\n\t<div class=\"ms-thumb\" ><div class=\"ms-tab-context\"><div class=\"&quot;ms-tab-context&quot;\"><\/div><\/div>\n<\/div>\n\t\t\t\t<\/div>\n\t\t\t\t<div  class=\"ms-slide\" data-delay=\"3\" data-fill-mode=\"fill\"  >\n\t\t\t\t\t<img decoding=\"async\" src=\"https:\/\/www.2x3.pl\/wp-content\/plugins\/master-slider\/public\/assets\/css\/blank.gif\" alt=\"Tablica szkolna kredowa obrotowo-jezdna, w ramie aluminiowej UKF\" title=\"\" data-src=\"https:\/\/www.2x3.pl\/wp-content\/uploads\/2016\/10\/tok_ukf_det4.jpg\" \/>\n\n\n\t<img decoding=\"async\" class=\"ms-thumb\" src=\"https:\/\/www.2x3.pl\/wp-content\/uploads\/2016\/10\/tok_ukf_det4-100x80.jpg\" alt=\"Tablica szkolna kredowa obrotowo-jezdna, w ramie aluminiowej UKF\" \/>\n\t<div class=\"ms-thumb\" ><div class=\"ms-tab-context\"><div class=\"&quot;ms-tab-context&quot;\"><\/div><\/div>\n<\/div>\n\t\t\t\t<\/div>\n\t\t\t\t<div  class=\"ms-slide\" data-delay=\"3\" data-fill-mode=\"fill\"  >\n\t\t\t\t\t<img decoding=\"async\" src=\"https:\/\/www.2x3.pl\/wp-content\/plugins\/master-slider\/public\/assets\/css\/blank.gif\" alt=\"\" title=\"\" data-src=\"https:\/\/www.2x3.pl\/wp-content\/uploads\/2021\/02\/TOK_TOS_det-scaled.jpg\" \/>\n\n\n\t<img decoding=\"async\" class=\"ms-thumb\" src=\"https:\/\/www.2x3.pl\/wp-content\/uploads\/2021\/02\/TOK_TOS_det-scaled-100x80.jpg\" alt=\"\" \/>\n\t<div class=\"ms-thumb\" ><div class=\"ms-tab-context\"><div class=\"&quot;ms-tab-context&quot;\"><\/div><\/div>\n<\/div>\n\t\t\t\t<\/div>\n\n\t\t\t<\/div>\n\t\t\t<!-- END MasterSlider Main -->\n\n\t\t\t \n\t\t<\/div>\n\t\t<!-- END MasterSlider -->\n\n\t\t<script>\n\t\t(function ( $ ) {\n\t\t\t\"use strict\";\n\n\t\t\t$(function () {\n\t\t\t\tvar masterslider_d6b9 = new MasterSlider();\n\n\t\t\t\t\/\/ slider controls\n\t\t\t\tmasterslider_d6b9.control('arrows'     ,{ autohide:true, overVideo:true  });\t\t\t\tmasterslider_d6b9.control('bullets'    ,{ autohide:true, overVideo:true, dir:'h', align:'bottom' , margin:10  });\n\n\t\t\t\tmasterslider_d6b9.control('thumblist'  ,{ autohide:false, overVideo:true, dir:'h', speed:17, inset:false, arrows:false, hover:false, customClass:'', align:'bottom',type:'thumbs', margin:10, width:100, height:80, space:5, fillMode:'fill'  });\n\t\t\t\t\/\/ slider setup\n\t\t\t\tmasterslider_d6b9.setup(\"MS69f1c3608d6b9\", {\n\t\t\t\t\t\twidth           : 600,\n\t\t\t\t\t\theight          : 450,\n\t\t\t\t\t\tminHeight       : 0,\n\t\t\t\t\t\tspace           : 0,\n\t\t\t\t\t\tstart           : 1,\n\t\t\t\t\t\tgrabCursor      : true,\n\t\t\t\t\t\tswipe           : true,\n\t\t\t\t\t\tmouse           : true,\n\t\t\t\t\t\tlayout          : \"boxed\",\n\t\t\t\t\t\twheel           : false,\n\t\t\t\t\t\tautoplay        : false,\n\t\t\t\t\t\tinstantStartLayers:false,\n\t\t\t\t\t\tloop            : false,\n\t\t\t\t\t\tshuffle         : false,\n\t\t\t\t\t\tpreload         : 0,\n\t\t\t\t\t\theightLimit     : true,\n\t\t\t\t\t\tautoHeight      : false,\n\t\t\t\t\t\tsmoothHeight    : true,\n\t\t\t\t\t\tendPause        : false,\n\t\t\t\t\t\toverPause       : true,\n\t\t\t\t\t\tfillMode        : \"fill\",\n\t\t\t\t\t\tcenterControls  : true,\n\t\t\t\t\t\tstartOnAppear   : false,\n\t\t\t\t\t\tlayersMode      : \"center\",\n\t\t\t\t\t\thideLayers      : false,\n\t\t\t\t\t\tfullscreenMargin: 0,\n\t\t\t\t\t\tspeed           : 20,\n\t\t\t\t\t\tdir             : \"h\",\n\t\t\t\t\t\tparallaxMode    : 'swipe',\n\t\t\t\t\t\tview            : \"basic\"\n\t\t\t\t});\n\n\t\t\t\t\n\t\t\t\twindow.masterslider_instances = window.masterslider_instances || [];\n\t\t\t\twindow.masterslider_instances.push( masterslider_d6b9 );\n\t\t\t });\n\n\t\t})(jQuery);\n\t\t<\/script>\n\n\n<p class=\"product-desc\">Dwustronna zielona tablica obrotowa o nowoczesnym wzornictwie. Powierzchnia lakierowana lub ceramiczna o w\u0142a\u015bciwo\u015bciach magnetycznych. Aluminiowa, solidna konstrukcja zapewnia stabilno\u015b\u0107 produktu. Tablica obraca si\u0119 wok\u00f3\u0142 poziomej osi <strong>o 360<\/strong>\u00b0.<\/p>\n<p class=\"product-desc\">Istnieje mo\u017cliwo\u015b\u0107 zablokowania jej w dowolnej pozycji, przy u\u017cyciu pokr\u0119t\u0142a bocznego w <strong>kolorze grafitowym.<\/strong><\/p>\n<p>Podstawa jezdna wyposa\u017cona w k\u00f3\u0142ka z systemem blokuj\u0105cym, u\u0142atwiaj\u0105ce przemieszczanie si\u0119 tablicy w dowolne miejsce.<\/p>\n<p><strong>W zestawie<\/strong>: elementy mocuj\u0105ce, p\u00f3\u0142ka (na ca\u0142ej szeroko\u015bci).<\/p>\n<p><img loading=\"lazy\" decoding=\"async\" class=\"aligncenter size-full wp-image-4395\" src=\"https:\/\/www.2x3.pl\/wp-content\/uploads\/2013\/05\/TOK_UKF.png\" alt=\"TOK UKF - rys. techn. - wymiary\" width=\"600\" height=\"404\" srcset=\"https:\/\/www.2x3.pl\/wp-content\/uploads\/2013\/05\/TOK_UKF.png 600w, https:\/\/www.2x3.pl\/wp-content\/uploads\/2013\/05\/TOK_UKF-100x67.png 100w, https:\/\/www.2x3.pl\/wp-content\/uploads\/2013\/05\/TOK_UKF-256x172.png 256w\" sizes=\"auto, (max-width: 600px) 100vw, 600px\" \/>\n<table id=\"wp-table-reloaded-id-77-no-1\" class=\"wp-table-reloaded wp-table-reloaded-id-77\">\n<thead>\n\t<tr class=\"row-1 odd\">\n\t\t<th class=\"column-1\"><\/th><th class=\"column-2\">2x3 Art. <\/th><th class=\"column-3\">Wymiary \/ size<\/th><th class=\"column-4\">Komplet \/ pack<\/th><th class=\"column-5\">Waga \/ weight<\/th><th class=\"column-6\">Dostawa \/ delivery<\/th>\n\t<\/tr>\n<\/thead>\n<tbody class=\"row-hover\">\n\t<tr class=\"row-2 even\">\n\t\t<td class=\"column-1\">lakierowana \/ laquered<\/td><td class=\"column-2\">TOK1710 UKF<\/td><td class=\"column-3\">170&nbsp;\u00d7&nbsp;100<\/td><td class=\"column-4\">1<\/td><td class=\"column-5\">25<\/td><td class=\"column-6\">2 dni \/ 2 days<\/td>\n\t<\/tr>\n\t<tr class=\"row-3 odd\">\n\t\t<td class=\"column-1\">ceramiczna \/ ceramic<\/td><td class=\"column-2\">TOK1710P3 UKF<\/td><td class=\"column-3\">170&nbsp;\u00d7&nbsp;100<\/td><td class=\"column-4\">1<\/td><td class=\"column-5\">31<\/td><td class=\"column-6\">10 dni \/ 10 days<\/td>\n\t<\/tr>\n<\/tbody>\n<\/table>\n<\/p>\n<p class=\"warranty\"><strong>Gwarancja:<\/strong> 2 lata na produkt, 10 lat na powierzchni\u0119 lakierowan\u0105 oraz <strong>do\u017cywotnia gwarancja na ceramiczn\u0105<\/strong>.<\/p>\n<div class=\"product-card\"><a class=\"pdf-file-32\" href=\"https:\/\/www.2x3.pl\/pdf\/TOK_UKF.pdf\">Karta produktowa &#8211; TOK UKF<\/a><\/div>\n<hr \/>\n<p><a id=\"suchoscieralne\" name=\"suchoscieralne\"><\/a><span class=\"product-code\">TOS UKF<\/span><\/p>\n<h2>Tablica obrotowa sucho\u015bcieralno-magnetyczna w ramie UKF<\/h2>\n<p><img loading=\"lazy\" decoding=\"async\" class=\"aligncenter size-full wp-image-4396\" src=\"https:\/\/www.2x3.pl\/wp-content\/uploads\/2021\/02\/TOS1710_UKF.png\" alt=\"Tablica sucho\u009ccieralno-magnetyczna obrotowo-jezdna w ramie UKF.\" width=\"728\" height=\"884\" \/><\/p>\n<p class=\"product-desc\">Dwustronna tablica obrotowa z bia\u0142\u0105 powierzchni\u0105 sucho\u015bcieralna o w\u0142a\u015bciwo\u015bciach magnetycznych. Konstrukcja no\u015bna jak w <a title=\"Por\u00f3wnaj produkty (pozycja powy\u017cej)\" href=\"https:\/\/www.2x3.pl\/produkty\/tablice-szkolne\/tablice-obrotowo-jezdne\/#kredowe\">tablicy kredowej<\/a>; z p\u00f3\u0142k\u0105 o szer. 30 cm.<\/p>\n<p><strong>W zestawie:<\/strong> <a title=\"Akcesoria\" href=\"https:\/\/www.2x3.pl\/produkty\/office\/akcesoria\/#uchwyty\">2 uniwersalne uchwyty<strong><span class=\"prod-code\"> AS139<\/span><\/strong><\/a> do zawieszenia bloku, p\u00f3\u0142ka na markery, elementy mocuj\u0105ce.<\/p>\n<p><img loading=\"lazy\" decoding=\"async\" class=\"aligncenter size-full wp-image-4397\" src=\"https:\/\/www.2x3.pl\/wp-content\/uploads\/2013\/05\/TOS_UKF.png\" alt=\"TOS UKF - rys. techn. - wymiary\" width=\"600\" height=\"404\" srcset=\"https:\/\/www.2x3.pl\/wp-content\/uploads\/2013\/05\/TOS_UKF.png 600w, https:\/\/www.2x3.pl\/wp-content\/uploads\/2013\/05\/TOS_UKF-100x67.png 100w, https:\/\/www.2x3.pl\/wp-content\/uploads\/2013\/05\/TOS_UKF-256x172.png 256w\" sizes=\"auto, (max-width: 600px) 100vw, 600px\" \/>\n<table id=\"wp-table-reloaded-id-76-no-1\" class=\"wp-table-reloaded wp-table-reloaded-id-76\">\n<thead>\n\t<tr class=\"row-1 odd\">\n\t\t<th class=\"column-1\"><\/th><th class=\"column-2\">2x3 Art. <\/th><th class=\"column-3\">Wymiary \/ size<\/th><th class=\"column-4\">Komplet \/ pack<\/th><th class=\"column-5\">Waga \/ weight<\/th><th class=\"column-6\">Dostawa \/ delivery<\/th>\n\t<\/tr>\n<\/thead>\n<tbody class=\"row-hover\">\n\t<tr class=\"row-2 even\">\n\t\t<td class=\"column-1\">lakierowana \/ laquered<\/td><td class=\"column-2\">TOS1710 UKF<\/td><td class=\"column-3\">170&nbsp;\u00d7&nbsp;100<\/td><td class=\"column-4\">1<\/td><td class=\"column-5\">25<\/td><td class=\"column-6\">2 dni \/ 2 days<\/td>\n\t<\/tr>\n\t<tr class=\"row-3 odd\">\n\t\t<td class=\"column-1\">ceramiczna \/ ceramic<\/td><td class=\"column-2\">TOS1710P3 UKF<\/td><td class=\"column-3\">170&nbsp;\u00d7&nbsp;100<\/td><td class=\"column-4\">1<\/td><td class=\"column-5\">31<\/td><td class=\"column-6\">10 dni \/ 10 days<\/td>\n\t<\/tr>\n<\/tbody>\n<\/table>\n<\/p>\n<p class=\"warranty\"><strong>Gwarancja:<\/strong> 2 lata na produkt, 10 lat na powierzchni\u0119 lakierowan\u0105 oraz <strong>do\u017cywotnia gwarancja na ceramiczn\u0105<\/strong>.<\/p>\n<div class=\"product-card\"><a class=\"pdf-file-32\" href=\"https:\/\/www.2x3.pl\/pdf\/TOS_UKF.pdf\">Karta produktowa &#8211; TOS UKF<\/a><\/div>\n<p><\/p>\n","protected":false},"excerpt":{"rendered":"","protected":false},"author":18,"featured_media":1242,"parent":37,"menu_order":0,"comment_status":"closed","ping_status":"closed","template":"","meta":{"ngg_post_thumbnail":0,"footnotes":""},"class_list":["post-198","page","type-page","status-publish","has-post-thumbnail","hentry"],"_links":{"self":[{"href":"https:\/\/www.2x3.pl\/pl\/wp-json\/wp\/v2\/pages\/198","targetHints":{"allow":["GET"]}}],"collection":[{"href":"https:\/\/www.2x3.pl\/pl\/wp-json\/wp\/v2\/pages"}],"about":[{"href":"https:\/\/www.2x3.pl\/pl\/wp-json\/wp\/v2\/types\/page"}],"author":[{"embeddable":true,"href":"https:\/\/www.2x3.pl\/pl\/wp-json\/wp\/v2\/users\/18"}],"replies":[{"embeddable":true,"href":"https:\/\/www.2x3.pl\/pl\/wp-json\/wp\/v2\/comments?post=198"}],"version-history":[{"count":1,"href":"https:\/\/www.2x3.pl\/pl\/wp-json\/wp\/v2\/pages\/198\/revisions"}],"predecessor-version":[{"id":15106,"href":"https:\/\/www.2x3.pl\/pl\/wp-json\/wp\/v2\/pages\/198\/revisions\/15106"}],"up":[{"embeddable":true,"href":"https:\/\/www.2x3.pl\/pl\/wp-json\/wp\/v2\/pages\/37"}],"wp:featuredmedia":[{"embeddable":true,"href":"https:\/\/www.2x3.pl\/pl\/wp-json\/wp\/v2\/media\/1242"}],"wp:attachment":[{"href":"https:\/\/www.2x3.pl\/pl\/wp-json\/wp\/v2\/media?parent=198"}],"curies":[{"name":"wp","href":"https:\/\/api.w.org\/{rel}","templated":true}]}}