{"id":2493,"date":"2012-03-15T12:58:42","date_gmt":"2012-03-15T11:58:42","guid":{"rendered":"http:\/\/www.2x3.pl\/?page_id=2493"},"modified":"2024-11-28T15:31:58","modified_gmt":"2024-11-28T14:31:58","slug":"projekty-dofinansowane-przez-unie-europejska","status":"publish","type":"page","link":"https:\/\/www.2x3.pl\/pl\/firma\/projekty-dofinansowane-przez-unie-europejska\/","title":{"rendered":"Projekty dofinansowane przez Uni\u0119 Europejsk\u0105"},"content":{"rendered":"\n<h3 align=\"center\"><strong>2&#215;3 Sp\u00f3\u0142ka Akcyjna realizuje projekt dofinansowany z Funduszy Europejskich zatytu\u0142owany \u201eRozw\u00f3j oferty asortymentowej przedsi\u0119biorstwa 2&#215;3 poprzez wdro\u017cenie innowacyjnej technologii\u201d<\/strong><\/h3>\n<p><img loading=\"lazy\" decoding=\"async\" class=\"size-full wp-image-10369 aligncenter\" src=\"https:\/\/www.2x3.pl\/wp-content\/uploads\/2012\/03\/ue_poig-1-1.png\" alt=\"\" width=\"597\" height=\"88\" srcset=\"https:\/\/www.2x3.pl\/wp-content\/uploads\/2012\/03\/ue_poig-1-1.png 597w, https:\/\/www.2x3.pl\/wp-content\/uploads\/2012\/03\/ue_poig-1-1-100x15.png 100w, https:\/\/www.2x3.pl\/wp-content\/uploads\/2012\/03\/ue_poig-1-1-256x38.png 256w\" sizes=\"auto, (max-width: 597px) 100vw, 597px\" \/><\/p>\n<h3 align=\"center\"><strong>DOTACJE NA INNOWACJE<br \/>\n<\/strong><\/h3>\n<table border=\"0\" cellspacing=\"0\" cellpadding=\"0\">\n<tbody>\n<tr>\n<td valign=\"top\" width=\"299\"><strong>Poddzia\u0142anie Programu Operacyjnego Inteligentny Rozw\u00f3j: <\/strong><\/td>\n<td valign=\"top\" width=\"320\">3.2.2, Kredyt na innowacje technologiczne<\/td>\n<\/tr>\n<tr>\n<td valign=\"top\" width=\"299\"><strong>Tytu\u0142 projektu:<\/strong><\/td>\n<td valign=\"top\" width=\"320\">Rozw\u00f3j oferty asortymentowej przedsi\u0119biorstwa 2&#215;3 poprzez wdro\u017cenie innowacyjnej technologii<\/td>\n<\/tr>\n<tr>\n<td valign=\"top\" width=\"299\"><strong>Beneficjent:<\/strong><\/td>\n<td valign=\"top\" width=\"320\">2&#215;3 Sp\u00f3\u0142ka Akcyjna<br \/>\nul. S\u0142oneczna 3<br \/>\n73-231 Krz\u0119cin<\/td>\n<\/tr>\n<tr>\n<td valign=\"top\" width=\"299\"><strong>Ca\u0142kowity koszt netto realizacji Projektu:<\/strong><\/td>\n<td valign=\"top\" width=\"320\">4 551 320,00 PLN<\/td>\n<\/tr>\n<tr>\n<td valign=\"top\" width=\"299\"><strong>Udzia\u0142 Unii Europejskiej:<\/strong><\/td>\n<td valign=\"top\" width=\"320\">2 051 917,50 PLN<\/td>\n<\/tr>\n<tr>\n<td valign=\"top\" width=\"299\"><strong>Cele projektu:<\/strong><\/p>\n<p><strong>&nbsp;<\/strong><\/td>\n<td valign=\"top\" width=\"320\">Celem projektu jest wdro\u017cenie w przedsi\u0119biorstwie 2&#215;3 S.A. wynik\u00f3w, wykonanych przez Sp\u00f3\u0142k\u0119, szeroko<br \/>\nzakrojonych prac badawczo-rozwojowych.<\/td>\n<\/tr>\n<tr>\n<td valign=\"top\" width=\"299\"><strong>Opis projektu:<\/strong><\/p>\n<p><strong>&nbsp;<\/strong><\/td>\n<td valign=\"top\" width=\"320\">Efektem projektu ma by\u0107 opracowanie innowacyjnej technologii produkcji magnetycznej tablicy sucho\u015bcieralnej oraz nowego produktu w postaci magnetycznej tablicy sucho\u015bcieralnej o unikalnych w\u0142a\u015bciwo\u015bciach.<br \/>\nRealizacja projektu umo\u017cliwi implementacj\u0119 innowacyjnych rozwi\u0105za\u0144 produkcyjnych, pozwoli na zaoferowanie przez 2&#215;3 produktu o unikalnym wzornictwie i w\u0142a\u015bciwo\u015bciach. Przyczyni si\u0119 to bezpo\u015brednio do zwi\u0119kszenia konkurencyjno\u015bci firmy, podniesienia jej wydajno\u015bci produkcji, obni\u017cenia koszt\u00f3w produkcji oraz pozwoli na zaspokojenie zidentyfikowanych oczekiwa\u0144 klient\u00f3w<\/td>\n<\/tr>\n<tr>\n<td valign=\"top\" width=\"299\"><strong>Osoba do kontaktu w sprawie projektu:<\/strong><\/td>\n<td valign=\"top\" width=\"320\">Lilla Karpeta<br \/>\ntel. 502&nbsp;488 210; <a href=\"mailto:l.karpeta@2x3.pl\">l.karpeta@2&#215;3.pl<\/a><br \/>\nJacek Kuzynin<br \/>\n<a href=\"mailto:j.kuzynin@2x3.pl\">j.kuzynin@2&#215;3.pl<\/a><\/td>\n<\/tr>\n<\/tbody>\n<\/table>\n<p><strong>Odsy\u0142acze do oficjalnych stron Unii Europejskiej oraz stron po\u015bwi\u0119conym PO IG:<\/strong><\/p>\n<ul>\n<li><a href=\"http:\/\/europa.eu\/index_pl.htm\">http:\/\/europa.eu\/index_pl.htm<\/a><\/li>\n<li>www.poig.gov.pl<\/li>\n<li>www.mrr.gov.pl<\/li>\n<li><a href=\"http:\/\/www.funduszeeuropejskie.gov.pl\/\">www.funduszeeuropejskie.gov.pl<\/a><\/li>\n<li>www.forum.funduszeeuropejskie.gov.pl<\/li>\n<\/ul>\n<hr>\n<p>[show_more more=&#8221;Archiwum &#8211; poprzednie projekty&#8221; less=&#8221;Powr\u00f3t do bie\u017c\u0105cych projekt\u00f3w&#8221;]<\/p>\n<hr>\n<h3 align=\"center\"><strong>Projekt wsp\u00f3\u0142finansowany ze \u015brodk\u00f3w Europejskiego Funduszu Rozwoju Regionalnego<br \/>\nw ramach Programu Operacyjnego Innowacyjna Gospodarka<\/strong><\/h3>\n<p><img loading=\"lazy\" decoding=\"async\" class=\"aligncenter size-full wp-image-2495\" src=\"http:\/\/www.2x3.pl\/wp-content\/uploads\/2012\/03\/ue_poig.png\" alt=\"POIG\" width=\"600\" height=\"64\" srcset=\"https:\/\/www.2x3.pl\/wp-content\/uploads\/2012\/03\/ue_poig.png 600w, https:\/\/www.2x3.pl\/wp-content\/uploads\/2012\/03\/ue_poig-150x16.png 150w, https:\/\/www.2x3.pl\/wp-content\/uploads\/2012\/03\/ue_poig-300x32.png 300w\" sizes=\"auto, (max-width: 600px) 100vw, 600px\" \/><\/p>\n<h3 align=\"center\"><strong>DOTACJE NA INNOWACJE<br \/>\n<\/strong><\/h3>\n<table border=\"0\" cellspacing=\"0\" cellpadding=\"0\">\n<tbody>\n<tr>\n<td valign=\"top\" width=\"299\"><strong>Numer umowy o dofinansowanie:<\/strong><\/td>\n<td valign=\"top\" width=\"320\">POIG.04.03.00-00-314\/11-00<\/td>\n<\/tr>\n<tr>\n<td valign=\"top\" width=\"299\"><strong>Tytu\u0142 projektu:<\/strong><\/td>\n<td valign=\"top\" width=\"320\">Wdro\u017cenie nowej technologii bezklejowego monta\u017cu tablic biurowych<\/td>\n<\/tr>\n<tr>\n<td valign=\"top\" width=\"299\"><strong>Beneficjent:<\/strong><\/td>\n<td valign=\"top\" width=\"320\">2&#215;3 Sp\u00f3\u0142ka Akcyjna<br \/>\nul. S\u0142oneczna 3<br \/>\n73-231 Krz\u0119cin<\/td>\n<\/tr>\n<tr>\n<td valign=\"top\" width=\"299\"><strong>Identyfikacja rodzaju interwencji:<\/strong><\/p>\n<p>Program Operacyjny<\/p>\n<p>O\u015b priorytetowa<\/p>\n<p>Dzia\u0142anie<\/td>\n<td valign=\"top\" width=\"320\">Innowacyjna Gospodarka<\/p>\n<p>4. Inwestycje w innowacyjne przedsi\u0119wzi\u0119cia<\/p>\n<p>4.3 Kredyt technologiczny<\/td>\n<\/tr>\n<tr>\n<td valign=\"top\" width=\"299\"><strong>Ca\u0142kowity koszt netto realizacji Projektu:<\/strong><\/td>\n<td valign=\"top\" width=\"320\">4&nbsp;544&nbsp;000,00 PLN<\/td>\n<\/tr>\n<tr>\n<td valign=\"top\" width=\"299\"><strong>Udzia\u0142 Unii Europejskiej:<\/strong><\/td>\n<td valign=\"top\" width=\"320\">1&nbsp;421&nbsp;200,00 PLN<\/td>\n<\/tr>\n<tr>\n<td valign=\"top\" width=\"299\"><strong>Opis projektu:<\/strong><\/p>\n<p><strong>&nbsp;<\/strong><\/td>\n<td valign=\"top\" width=\"320\">W ramach projektu planowana jest inwestycja polegaj\u0105ca na wdro\u017ceniu w\u0142asnej, nowej technologii bezklejowego monta\u017cu tablic biurowych poprzez budow\u0119 hali produkcyjnej<br \/>\nz zapleczem socjalno-biurowym oraz nabycie niezb\u0119dnych \u015brodk\u00f3w trwa\u0142ych oraz uruchomieniu na jej podstawie wytwarzania nowych produkt\u00f3w w postaci tablic<br \/>\nz wymiennym panelem.Przedmiotowa inwestycja realizowana b\u0119dzie na terenie b\u0119d\u0105cym w\u0142asno\u015bci\u0105 przedsi\u0119biorstwa 2&#215;3, stanowi\u0105cym grunt<br \/>\no powierzchni 1,2 ha., zlokalizowanym<br \/>\nw wojew\u00f3dztwie zachodniopomorskim, w gminie Krz\u0119cin, miejscowo\u015bci Krz\u0119cin, przy ul. S\u0142onecznej 3.<\/td>\n<\/tr>\n<tr>\n<td valign=\"top\" width=\"299\"><strong>Rozpocz\u0119cie realizacji projektu:<\/strong><\/td>\n<td valign=\"top\" width=\"320\">01 lipca 2011 r.<\/td>\n<\/tr>\n<tr>\n<td valign=\"top\" width=\"299\"><strong>Zako\u0144czenie realizacji projektu:<\/strong><\/td>\n<td valign=\"top\" width=\"320\">30 wrze\u015bnia 2013 r.<\/td>\n<\/tr>\n<tr>\n<td valign=\"top\" width=\"299\"><strong>Osoba do kontaktu w sprawie projektu:<\/strong><\/td>\n<td valign=\"top\" width=\"320\">Lilla Karpeta<br \/>\ntel. 502&nbsp;488 210; l.karpeta@2&#215;3.plJacek Kuzynin<br \/>\nj.kuzynin@2&#215;3.pl<\/td>\n<\/tr>\n<\/tbody>\n<\/table>\n<p><strong>Odsy\u0142acze do oficjalnych stron Unii Europejskiej oraz stron po\u015bwi\u0119conym PO IG:<\/strong><\/p>\n<ul>\n<li><a href=\"http:\/\/europa.eu\/index_pl.htm\"><strong>http:\/\/europa.eu\/index_pl.htm<\/strong><\/a><\/li>\n<li><strong>www.<\/strong>poig.gov.pl<\/li>\n<li><strong>www.<\/strong>mrr.gov.pl<\/li>\n<li><a href=\"http:\/\/www.funduszeeuropejskie.gov.pl\/\"><strong>www.<\/strong>funduszeeuropejskie.gov.pl<\/a>\n<ul>\n<li><strong>www<\/strong>.forum.funduszeeuropejskie.gov.pl<\/li>\n<\/ul>\n<\/li>\n<li><strong>www.<\/strong>bgk.com.pl<\/li>\n<\/ul>\n<p>[\/show_more]<br \/>\n<\/p>\n","protected":false},"excerpt":{"rendered":"","protected":false},"author":18,"featured_media":0,"parent":70,"menu_order":0,"comment_status":"closed","ping_status":"closed","template":"","meta":{"ngg_post_thumbnail":0,"footnotes":""},"class_list":["post-2493","page","type-page","status-publish","hentry"],"_links":{"self":[{"href":"https:\/\/www.2x3.pl\/pl\/wp-json\/wp\/v2\/pages\/2493","targetHints":{"allow":["GET"]}}],"collection":[{"href":"https:\/\/www.2x3.pl\/pl\/wp-json\/wp\/v2\/pages"}],"about":[{"href":"https:\/\/www.2x3.pl\/pl\/wp-json\/wp\/v2\/types\/page"}],"author":[{"embeddable":true,"href":"https:\/\/www.2x3.pl\/pl\/wp-json\/wp\/v2\/users\/18"}],"replies":[{"embeddable":true,"href":"https:\/\/www.2x3.pl\/pl\/wp-json\/wp\/v2\/comments?post=2493"}],"version-history":[{"count":2,"href":"https:\/\/www.2x3.pl\/pl\/wp-json\/wp\/v2\/pages\/2493\/revisions"}],"predecessor-version":[{"id":15067,"href":"https:\/\/www.2x3.pl\/pl\/wp-json\/wp\/v2\/pages\/2493\/revisions\/15067"}],"up":[{"embeddable":true,"href":"https:\/\/www.2x3.pl\/pl\/wp-json\/wp\/v2\/pages\/70"}],"wp:attachment":[{"href":"https:\/\/www.2x3.pl\/pl\/wp-json\/wp\/v2\/media?parent=2493"}],"curies":[{"name":"wp","href":"https:\/\/api.w.org\/{rel}","templated":true}]}}