{"id":275,"date":"2015-01-26T14:11:51","date_gmt":"2015-01-26T13:11:51","guid":{"rendered":"http:\/\/www.2x3.pl\/?page_id=275"},"modified":"2024-11-28T15:14:15","modified_gmt":"2024-11-28T14:14:15","slug":"meble-prezentacyjne","status":"publish","type":"page","link":"https:\/\/www.2x3.pl\/pl\/av-solutions\/meble-prezentacyjne\/","title":{"rendered":"Meble prezentacyjne"},"content":{"rendered":"\n<p>Idealne rozwi\u0105zanie do sal lekcyjnych, konferencyjnych czy szkoleniowych. U\u0142atwi prac\u0119 prelegenta i jego bezpo\u015bredni dost\u0119p m.in. do komputera lub <a href=\"https:\/\/www.2x3.pl\/produkty\/av-solutions\/projektory\/\">projektora<\/a>. Stabilne, wielofunkcyjne i nowoczesne stoliki o designerskim wzornictwie, wykonane z najlepszej jako\u015bci materia\u0142\u00f3w. M\u00f3wnice konferencyjne z podstaw\u0105 jezdn\u0105 u\u0142atwiaj\u0105c\u0105 poruszanie si\u0119 po sali.<\/p>\n<hr \/>\n<p><a id=\"stolik-projekcyjny-universal\" name=\"stolik-projekcyjny-universal\"><\/a><span class=\"product-code\">ST007<\/span><\/p>\n<h2>Stolik projekcyjny UNIVERSAL<\/h2>\n<p><img loading=\"lazy\" decoding=\"async\" class=\"aligncenter size-full wp-image-1621\" src=\"https:\/\/www.2x3.pl\/wp-content\/uploads\/2011\/05\/ST007.jpg\" alt=\"Stolik projekcyjny Universal - dwublatowy, mobilny (na k\u00f3\u0142kach)\" width=\"490\" height=\"480\" srcset=\"https:\/\/www.2x3.pl\/wp-content\/uploads\/2011\/05\/ST007.jpg 490w, https:\/\/www.2x3.pl\/wp-content\/uploads\/2011\/05\/ST007-150x146.jpg 150w, https:\/\/www.2x3.pl\/wp-content\/uploads\/2011\/05\/ST007-300x293.jpg 300w\" sizes=\"auto, (max-width: 490px) 100vw, 490px\" \/><\/p>\n<hr \/>\n<p>\n\t\t<!-- MasterSlider -->\n\t\t<div id=\"P_MS69f03d8a5a834\" class=\"master-slider-parent msl ms-parent-id-16\" style=\"max-width:600px;\">\n\n\t\t\t\n\t\t\t<!-- MasterSlider Main -->\n\t\t\t<div id=\"MS69f03d8a5a834\" class=\"master-slider ms-skin-default\" >\n\t\t\t\t \t\t\t\t \n\t\t\t\t<div  class=\"ms-slide\" data-delay=\"3\" data-fill-mode=\"fill\"  >\n\t\t\t\t\t<img decoding=\"async\" src=\"https:\/\/www.2x3.pl\/wp-content\/plugins\/master-slider\/public\/assets\/css\/blank.gif\" alt=\"\" title=\"\" data-src=\"https:\/\/www.2x3.pl\/wp-content\/uploads\/2016\/09\/st007_det1.jpg\" \/>\n\n\n\t<img decoding=\"async\" class=\"ms-thumb\" src=\"https:\/\/www.2x3.pl\/wp-content\/uploads\/2016\/09\/st007_det1-100x80.jpg\" alt=\"\" \/>\n\t<div class=\"ms-thumb\" ><div class=\"ms-tab-context\"><div class=\"&quot;ms-tab-context&quot;\"><\/div><\/div>\n<\/div>\n\t\t\t\t<\/div>\n\t\t\t\t<div  class=\"ms-slide\" data-delay=\"3\" data-fill-mode=\"fill\"  >\n\t\t\t\t\t<img decoding=\"async\" src=\"https:\/\/www.2x3.pl\/wp-content\/plugins\/master-slider\/public\/assets\/css\/blank.gif\" alt=\"\" title=\"\" data-src=\"https:\/\/www.2x3.pl\/wp-content\/uploads\/2016\/09\/st007_det2.jpg\" \/>\n\n\n\t<img decoding=\"async\" class=\"ms-thumb\" src=\"https:\/\/www.2x3.pl\/wp-content\/uploads\/2016\/09\/st007_det2-100x80.jpg\" alt=\"\" \/>\n\t<div class=\"ms-thumb\" ><div class=\"ms-tab-context\"><div class=\"&quot;ms-tab-context&quot;\"><\/div><\/div>\n<\/div>\n\t\t\t\t<\/div>\n\t\t\t\t<div  class=\"ms-slide\" data-delay=\"3\" data-fill-mode=\"fill\"  >\n\t\t\t\t\t<img decoding=\"async\" src=\"https:\/\/www.2x3.pl\/wp-content\/plugins\/master-slider\/public\/assets\/css\/blank.gif\" alt=\"\" title=\"\" data-src=\"https:\/\/www.2x3.pl\/wp-content\/uploads\/2016\/09\/st007_det3.jpg\" \/>\n\n\n\t<img decoding=\"async\" class=\"ms-thumb\" src=\"https:\/\/www.2x3.pl\/wp-content\/uploads\/2016\/09\/st007_det3-100x80.jpg\" alt=\"\" \/>\n\t<div class=\"ms-thumb\" ><div class=\"ms-tab-context\"><div class=\"&quot;ms-tab-context&quot;\"><\/div><\/div>\n<\/div>\n\t\t\t\t<\/div>\n\n\t\t\t<\/div>\n\t\t\t<!-- END MasterSlider Main -->\n\n\t\t\t \n\t\t<\/div>\n\t\t<!-- END MasterSlider -->\n\n\t\t<script>\n\t\t(function ( $ ) {\n\t\t\t\"use strict\";\n\n\t\t\t$(function () {\n\t\t\t\tvar masterslider_a834 = new MasterSlider();\n\n\t\t\t\t\/\/ slider controls\n\t\t\t\tmasterslider_a834.control('arrows'     ,{ autohide:true, overVideo:true  });\t\t\t\tmasterslider_a834.control('bullets'    ,{ autohide:true, overVideo:true, dir:'h', align:'bottom' , margin:10  });\n\n\t\t\t\tmasterslider_a834.control('thumblist'  ,{ autohide:false, overVideo:true, dir:'h', speed:17, inset:false, arrows:false, hover:false, customClass:'', align:'bottom',type:'thumbs', margin:10, width:100, height:80, space:5, fillMode:'fill'  });\n\t\t\t\t\/\/ slider setup\n\t\t\t\tmasterslider_a834.setup(\"MS69f03d8a5a834\", {\n\t\t\t\t\t\twidth           : 600,\n\t\t\t\t\t\theight          : 450,\n\t\t\t\t\t\tminHeight       : 0,\n\t\t\t\t\t\tspace           : 0,\n\t\t\t\t\t\tstart           : 1,\n\t\t\t\t\t\tgrabCursor      : true,\n\t\t\t\t\t\tswipe           : true,\n\t\t\t\t\t\tmouse           : true,\n\t\t\t\t\t\tlayout          : \"boxed\",\n\t\t\t\t\t\twheel           : false,\n\t\t\t\t\t\tautoplay        : false,\n\t\t\t\t\t\tinstantStartLayers:false,\n\t\t\t\t\t\tloop            : false,\n\t\t\t\t\t\tshuffle         : false,\n\t\t\t\t\t\tpreload         : 0,\n\t\t\t\t\t\theightLimit     : true,\n\t\t\t\t\t\tautoHeight      : false,\n\t\t\t\t\t\tsmoothHeight    : true,\n\t\t\t\t\t\tendPause        : false,\n\t\t\t\t\t\toverPause       : true,\n\t\t\t\t\t\tfillMode        : \"fill\",\n\t\t\t\t\t\tcenterControls  : true,\n\t\t\t\t\t\tstartOnAppear   : false,\n\t\t\t\t\t\tlayersMode      : \"center\",\n\t\t\t\t\t\thideLayers      : false,\n\t\t\t\t\t\tfullscreenMargin: 0,\n\t\t\t\t\t\tspeed           : 20,\n\t\t\t\t\t\tdir             : \"h\",\n\t\t\t\t\t\tparallaxMode    : 'swipe',\n\t\t\t\t\t\tview            : \"basic\"\n\t\t\t\t});\n\n\t\t\t\t\n\t\t\t\twindow.masterslider_instances = window.masterslider_instances || [];\n\t\t\t\twindow.masterslider_instances.push( masterslider_a834 );\n\t\t\t });\n\n\t\t})(jQuery);\n\t\t<\/script>\n\n<br \/>\nProfesjonalny, wielofunkcyjny stolik projekcyjny, posiadaj\u0105cy dwie p\u00f3\u0142ki z przeznaczeniem na projektor, rzutnik, notebooka, czy drukark\u0119. Blat wykonano z p\u0142yty meblowej w kolorze popielatym. Aluminiowa podstawa jezdna w kolorze srebrnym, wyposa\u017cona dodatkowo w k\u00f3\u0142ka z systemem blokuj\u0105cym, zapewniaj\u0105c mobilno\u015b\u0107 stolika.<br \/>\nW zestawie: elementy monta\u017cowe.<br \/>\nZalety:<\/p>\n<ul>\n<li>Solidna konstrukcja<\/li>\n<li>Stela\u017c aluminiowy<\/li>\n<li>Wyposa\u017cony w k\u00f3\u0142ka, co pozwoli na swobodne przemieszczanie produktu<\/li>\n<\/ul>\n<p><img loading=\"lazy\" decoding=\"async\" class=\"aligncenter size-full wp-image-1626\" src=\"https:\/\/www.2x3.pl\/wp-content\/uploads\/2011\/05\/ST007.png\" alt=\"ST007 - rys. techn. - wymiary\" width=\"600\" height=\"328\" srcset=\"https:\/\/www.2x3.pl\/wp-content\/uploads\/2011\/05\/ST007.png 600w, https:\/\/www.2x3.pl\/wp-content\/uploads\/2011\/05\/ST007-150x82.png 150w, https:\/\/www.2x3.pl\/wp-content\/uploads\/2011\/05\/ST007-300x164.png 300w\" sizes=\"auto, (max-width: 600px) 100vw, 600px\" \/>\n<table id=\"wp-table-reloaded-id-118-no-1\" class=\"wp-table-reloaded wp-table-reloaded-id-118\">\n<thead>\n\t<tr class=\"row-1 odd\">\n\t\t<th class=\"column-1\">2x3 Art<\/th><th class=\"column-2\">Wymiary \/ Size<\/th><th class=\"column-3\">Ud\u017awig \/ capacity<\/th><th class=\"column-4\">Komplet \/ pack<\/th><th class=\"column-5\">Waga \/ weight<\/th><th class=\"column-6\">Dostawa \/ delivery<\/th>\n\t<\/tr>\n<\/thead>\n<tbody class=\"row-hover\">\n\t<tr class=\"row-2 even\">\n\t\t<td class=\"column-1\">ST007<\/td><td class=\"column-2\">80\u00d746, 40\u00d740<\/td><td class=\"column-3\">25, 10<\/td><td class=\"column-4\">1<\/td><td class=\"column-5\">11,1<\/td><td class=\"column-6\">2 dni \/ 2 days<\/td>\n\t<\/tr>\n<\/tbody>\n<\/table>\n<\/p>\n<p class=\"warranty\"><strong>Gwarancja:<\/strong> 2 lata na produkt.<\/p>\n<p><span class=\"uwaga\">Uwaga!<\/span> Do samodzielnego z\u0142o\u017cenia.<\/p>\n<div class=\"product-card\"><a class=\"pdf-file-32\" href=\"https:\/\/www.2x3.pl\/pdf\/ST007.pdf\">Karta produktowa &#8211; ST007<\/a><\/div>\n<hr \/>\n<p><a id=\"mownica-star\" name=\"mownica-star\"><\/a><span class=\"product-code\">PFS<\/span><\/p>\n<h2>M\u00f3wnica prezentacyjna STAR<\/h2>\n<p><img loading=\"lazy\" decoding=\"async\" class=\"aligncenter size-full wp-image-667\" src=\"https:\/\/www.2x3.pl\/wp-content\/uploads\/2022\/12\/pfs.png\" alt=\"M\u00f3wnica prezentacyjna\" width=\"352\" height=\"600\" \/><\/p>\n<p class=\"product-purpose\"><strong>Zastosowanie:<\/strong> Idealna na wszelkiego rodzaju spotkania: konferencje, prezentacje, wyk\u0142ady.<\/p>\n<p class=\"product-desc\">Charakterystyka: Profesjonalna, stabilna m\u00f3wnica o nowoczesnym wzornictwie, wykonana z najwy\u017cszej jako\u015bci materia\u0142\u00f3w. Konstrukcja aluminiowa w kolorze popielatym (po\u0142ysk) z grafitowymi wyko\u0144czeniami. Prz\u00f3d m\u00f3wnicy pochylony pod k\u0105tem 10\u00b0 od pionu. G\u00f3rny i dolny blat<br \/>\nwykonany z p\u0142yty meblowej. G\u00f3rny blat posiada specjalny pr\u00f3g zabezpieczaj\u0105cy przed zsuni\u0119ciem si\u0119 kartek. Podstawa wyposa\u017cona w 4 k\u00f3\u0142ka<br \/>\nz systemem blokowania, u\u0142atwiaj\u0105ce przemieszczanie produktu.<\/p>\n<p>W zestawie: elementy mocuj\u0105ce.<\/p>\n<p><strong>Uwaga! Do samodzielnego z\u0142o\u017cenia.<\/strong><br \/>\nGwarancja: 2 lata.\n<\/p>\n<p><span class=\"uwaga\">Uwaga!<\/span> Do samodzielnego z\u0142o\u017cenia.<\/p>\n<p><img loading=\"lazy\" decoding=\"async\" class=\"aligncenter size-full wp-image-665\" src=\"https:\/\/www.2x3.pl\/wp-content\/uploads\/2011\/05\/starboard_rys_pfs.png\" alt=\"PFS - rys. techn. - wymiary\" width=\"600\" height=\"401\" srcset=\"https:\/\/www.2x3.pl\/wp-content\/uploads\/2011\/05\/starboard_rys_pfs.png 600w, https:\/\/www.2x3.pl\/wp-content\/uploads\/2011\/05\/starboard_rys_pfs-300x200.png 300w\" sizes=\"auto, (max-width: 600px) 100vw, 600px\" \/>\n<table id=\"wp-table-reloaded-id-10-no-1\" class=\"wp-table-reloaded wp-table-reloaded-id-10\">\n<thead>\n\t<tr class=\"row-1 odd\">\n\t\t<th class=\"column-1\">2x3 Art<\/th><th class=\"column-2\">Wymiary \/ Size<\/th><th class=\"column-3\">Komplet \/Pack<\/th><th class=\"column-4\">Waga \/Weight<\/th><th class=\"column-5\">Dostawa \/ Delivery<\/th>\n\t<\/tr>\n<\/thead>\n<tbody class=\"row-hover\">\n\t<tr class=\"row-2 even\">\n\t\t<td class=\"column-1\">PFS01<\/td><td class=\"column-2\">60&nbsp;\u00d7&nbsp;42 \/ 50&nbsp;\u00d7&nbsp;38<\/td><td class=\"column-3\">1<\/td><td class=\"column-4\">15<\/td><td class=\"column-5\">2 dni  \/ 2 days<\/td>\n\t<\/tr>\n<\/tbody>\n<\/table>\n<\/p>\n<div class=\"product-card\"><a class=\"pdf-file-32\" href=\"https:\/\/www.2x3.pl\/pdf\/PFS.pdf\">Karta produktowa &#8211; PFS<\/a><\/div>\n<hr>\n<p><center><img loading=\"lazy\" decoding=\"async\" src=\"https:\/\/www.2x3.pl\/wp-content\/uploads\/2015\/01\/pf02.png\" alt=\"\" width=\"283\" height=\"369\" class=\"alignnone size-full wp-image-10381\" srcset=\"https:\/\/www.2x3.pl\/wp-content\/uploads\/2015\/01\/pf02.png 283w, https:\/\/www.2x3.pl\/wp-content\/uploads\/2015\/01\/pf02-77x100.png 77w, https:\/\/www.2x3.pl\/wp-content\/uploads\/2015\/01\/pf02-203x265.png 203w\" sizes=\"auto, (max-width: 283px) 100vw, 283px\" \/><\/center><\/p>\n<p><a id=\"mownica-prezentacyjna-simple\" name=\"mownica-prezentacyjna-simple\"><\/a><span class=\"product-code\">PF02<\/span><\/p>\n<h2>M\u00f3wnica prezentacyjna Simple<\/h2>\n<hr>\n<p>Blat wykonany z akrusza blachy stalowej o grubo\u015bci 1,5 mm. Noga z\u0142o\u017cona z rur stalowych o grubo\u015bci \u015bcianki 1,5 mm. Podstawa metalowa, na k\u00f3\u0142kach z hamulcem. System regulacji wysoko\u015bci z spr\u0119\u017cynami. G\u00f3rna p\u00f3\u0142ka umo\u017cliwia przechowywanie<br \/>\nmarker\u00f3w i innych akcesori\u00f3w.<\/p>\n\n<table id=\"wp-table-reloaded-id-273-no-1\" class=\"wp-table-reloaded wp-table-reloaded-id-273\">\n<thead>\n\t<tr class=\"row-1 odd\">\n\t\t<th class=\"column-1\">2x3 Art. Nr<\/th><th class=\"column-2\">Wysoko\u015b\u0107 \/ Szeroko\u015b\u0107 podst.<\/th><th class=\"column-3\">Wymiary blatu<\/th><th class=\"column-4\">Materia\u0142<\/th><th class=\"column-5\">Podstawa<\/th><th class=\"column-6\">Waga<\/th>\n\t<\/tr>\n<\/thead>\n<tbody>\n\t<tr class=\"row-2 even\">\n\t\t<td class=\"column-1\">PF02<\/td><td class=\"column-2\">105-145 cm \/ 62 cm<\/td><td class=\"column-3\">48 x 36 cm<\/td><td class=\"column-4\">blat: blacha stalowa, noga: rury stalowe, podstawa metalowa<\/td><td class=\"column-5\">jezdna, k\u00f3\u0142ka z hamulcem<\/td><td class=\"column-6\">9,5 kg<\/td>\n\t<\/tr>\n<\/tbody>\n<\/table>\n\n<p class=\"warranty\"><strong>Gwarancja:<\/strong> 2 lata na produkt.<\/p>\n<p><span class=\"uwaga\">Uwaga!<\/span> Do samodzielnego z\u0142o\u017cenia.<\/p>\n<div class=\"product-card\"><a class=\"pdf-file-32\" href=\"https:\/\/www.2x3.pl\/pdf\/PF02.pdf\">Karta produktowa &#8211; PF02<\/a><\/div>\n<p><\/p>\n","protected":false},"excerpt":{"rendered":"","protected":false},"author":18,"featured_media":1617,"parent":41,"menu_order":0,"comment_status":"closed","ping_status":"closed","template":"","meta":{"ngg_post_thumbnail":0,"footnotes":""},"class_list":["post-275","page","type-page","status-publish","has-post-thumbnail","hentry"],"_links":{"self":[{"href":"https:\/\/www.2x3.pl\/pl\/wp-json\/wp\/v2\/pages\/275","targetHints":{"allow":["GET"]}}],"collection":[{"href":"https:\/\/www.2x3.pl\/pl\/wp-json\/wp\/v2\/pages"}],"about":[{"href":"https:\/\/www.2x3.pl\/pl\/wp-json\/wp\/v2\/types\/page"}],"author":[{"embeddable":true,"href":"https:\/\/www.2x3.pl\/pl\/wp-json\/wp\/v2\/users\/18"}],"replies":[{"embeddable":true,"href":"https:\/\/www.2x3.pl\/pl\/wp-json\/wp\/v2\/comments?post=275"}],"version-history":[{"count":1,"href":"https:\/\/www.2x3.pl\/pl\/wp-json\/wp\/v2\/pages\/275\/revisions"}],"predecessor-version":[{"id":15041,"href":"https:\/\/www.2x3.pl\/pl\/wp-json\/wp\/v2\/pages\/275\/revisions\/15041"}],"up":[{"embeddable":true,"href":"https:\/\/www.2x3.pl\/pl\/wp-json\/wp\/v2\/pages\/41"}],"wp:featuredmedia":[{"embeddable":true,"href":"https:\/\/www.2x3.pl\/pl\/wp-json\/wp\/v2\/media\/1617"}],"wp:attachment":[{"href":"https:\/\/www.2x3.pl\/pl\/wp-json\/wp\/v2\/media?parent=275"}],"curies":[{"name":"wp","href":"https:\/\/api.w.org\/{rel}","templated":true}]}}