{"id":4516,"date":"2015-07-23T09:14:19","date_gmt":"2015-07-23T07:14:19","guid":{"rendered":"http:\/\/www.2x3.pl\/?page_id=4516"},"modified":"2026-03-16T13:07:32","modified_gmt":"2026-03-16T12:07:32","slug":"praca","status":"publish","type":"page","link":"https:\/\/www.2x3.pl\/pl\/praca\/","title":{"rendered":"Oferty pracy"},"content":{"rendered":"<p><small>Aktualizacja: 2026-03-16<\/small><\/p>\n<h4>2&#215;3 S.A. to firma o 28-letniej historii, zajmuj\u0105cej si\u0119 projektowaniem, produkcj\u0105 oraz dystrybucj\u0105 wysokiej jako\u015bci produkt\u00f3w komunikacji wizualnej. Naszym celem jest d\u0105\u017cenie do doskona\u0142o\u015bci w zakresie obs\u0142ugi Klient\u00f3w, kompleksowych rozwi\u0105za\u0144 logistycznych oraz dostarczania produkt\u00f3w najwy\u017cszej jako\u015bci. By sprosta\u0107 wysokim wymaganiom naszych klient\u00f3w, nieustannie pracujemy nad rozwojem nowych i udoskonalaniem ju\u017c istniej\u0105cych produkt\u00f3w. Jeste\u015bmy otwarci na innowacyjno\u015b\u0107 oraz zmiany w zakresie technologii, dzi\u0119ki czemu stale poszerzamy ofert\u0119 o kolejne produkty i us\u0142ugi, wyznaczaj\u0105c nowe kierunki rozwoju marki wpisuj\u0105ce si\u0119 w najnowsze trendy.  Swoim dynamicznym rozwojem osi\u0105gn\u0119li\u015bmy sektor du\u017cego przedsi\u0119biorstwa. <\/p>\n<\/h4>\n<div class=\"spoiler-wrap\">\n\t\t\t\t<div class=\"spoiler-head folded\">ASYSTENT \/ ASYSTENTKA DS. WDRO\u017bE\u0143<\/div>\n\t\t\t\t<div class=\"spoiler-body\">\n<p>Chcemy wzbogaci\u0107 sw\u00f3j zesp\u00f3\u0142 o osob\u0119 ambitn\u0105, gotow\u0105 na wyzwania.<br \/>\nNaszym celem jest rozw\u00f3j. Je\u017celi spe\u0142niasz poni\u017csze wymagania, a my spe\u0142niamy Twoje oczekiwania, do\u0142\u0105cz do naszego zespo\u0142u i realizuj z nami ciekawe projekty!<\/p>\n<h4>G\u0142\u00f3wne zadania na stanowisku:<\/h4>\n<ul>\n<li>\tAktywne wspieranie in\u017cynier\u00f3w w fizycznym monta\u017cu prototyp\u00f3w nowych tablic i rozwi\u0105za\u0144 fabrycznych,<\/li>\n<p>w tym ci\u0119cie, obr\u00f3bka i \u0142\u0105czenie materia\u0142\u00f3w (aluminium, stal, laminaty, szk\u0142o, itp.).<\/p>\n<li>\twykonywanie zleconych test\u00f3w wytrzyma\u0142o\u015bci, funkcjonalno\u015bci i jako\u015bci prototyp\u00f3w, a tak\u017ce rejestrowanie<br \/>\ni raportowanie wynik\u00f3w z tych test\u00f3w.<\/li>\n<li>\twyszukiwanie, testowanie i rekomendowanie nowych materia\u0142\u00f3w (np. pow\u0142ok sucho\u015bcieralnych, ram, pod\u0142o\u017cy) i technologii, kt\u00f3re mog\u0105 poprawi\u0107 jako\u015b\u0107 lub obni\u017cy\u0107 koszty produkcji tablic.<\/li>\n<li>\tmonitorowanie i zamawianie materia\u0142\u00f3w niezb\u0119dnych do prac prototypowych oraz prowadzenie ewidencji materia\u0142\u00f3w i p\u00f3\u0142produkt\u00f3w.<\/li>\n<li>\tuczestniczenie w procesie doboru materia\u0142\u00f3w pod k\u0105tem kosztu, trwa\u0142o\u015bci, \u0142atwo\u015bci obr\u00f3bki i docelowego zastosowania (np. odporno\u015b\u0107 na \u015bcieranie powierzchni pisz\u0105cej).<\/li>\n<li>\tproponowanie drobnych ulepsze\u0144 w narz\u0119dziach, oprzyrz\u0105dowaniu i metodach pracy w celu zwi\u0119kszenia wydajno\u015bci i ergonomii na stanowiskach produkcyjnych.<\/li>\n<li>\twsp\u00f3\u0142praca z dzia\u0142ami Produkcji, Zakup\u00f3w i Sprzeda\u017cy w celu zbierania informacji zwrotnej i zapewnienia wykonalno\u015bci projekt\u00f3w.<\/li>\n<\/ul>\n<h4>Je\u015bli posiadasz:<\/h4>\n<ul>\n<li>\t\tpraktyczn\u0105 wiedz\u0119 o materia\u0142ach kluczowych dla produkcji tablic, m.in.: laminaty, p\u0142yty drewnopodobne, stal emaliowana, szk\u0142o, profile aluminiowe, p\u0142yty akrylowe, <\/li>\n<li>\twiedz\u0119 w zakresie podstawowych technologii obr\u00f3bki i \u0142\u0105czenia, takich jak ci\u0119cie (laser, CNC), gi\u0119cie, termoformowanie, klejenie (laminowanie) i wyka\u0144czanie powierzchni,<\/li>\n<li>\tumiej\u0119tno\u015b\u0107 pracy w zespole,<\/li>\n<li>\tjeste\u015b dok\u0142adny, zaanga\u017cowany, sumienny.<\/li>\n<p><STRONG>To znaczy, \u017ce czekamy w\u0142a\u015bnie na Ciebie!<\/STRONG><\/p>\n<\/ul>\n<h4>Oferujemy:<\/h4>\n<ul>\n<li> zatrudnienie w oparciu o umow\u0119 o prac\u0119 na pe\u0142ny etat oraz pakiet \u015bwiadcze\u0144,<\/li>\n<li>\tciekaw\u0105 i pe\u0142n\u0105 wyzwa\u0144 prac\u0119 w renomowanej firmie,<\/li>\n<li>\trozw\u00f3j kompetencji,<\/li>\n<li>\tprac\u0119 w organizacji przyjaznej i z warto\u015bciami,<\/li>\n<li>\tmo\u017cliwo\u015b\u0107 ubezpieczenia grupowego na \u017cycie,<\/li>\n<li>\twynagrodzenie uzale\u017cnione od posiadanego do\u015bwiadczenia w przedziale 5.000-7.000 z\u0142 brutto <\/li>\n<\/ul>\n<hr>\n<p>Zainteresowane osoby prosimy o przes\u0142anie swojego CV na adres e-mail: <a href=\"mailto:rekrutacja@2x3.pl?Subject=Asystent \/ Asystentka ds. wdro\u017ce\u0144\"> rekrutacja@2X3.pl <\/a><br \/>\nW tytule wiadomo\u015bci prosimy wpisa\u0107: Asystent \/ Asystentka ds. wdro\u017ce\u0144<\/p>\n<p><em>Informujemy, \u017ce skontaktujemy si\u0119 jedynie z wybranymi kandydatami.<\/p>\n<p>W aplikacji prosimy o zawarcie klauzuli: \u201eWyra\u017cam zgod\u0119 na przetwarzanie moich danych osobowych dla potrzeb niezb\u0119dnych do realizacji procesu rekrutacji (zgodnie z ustaw\u0105 z dnia 10 maja 2018 roku o ochronie danych osobowych (Dz. Ustaw z 2018, poz. 1000) oraz zgodnie z Rozporz\u0105dzeniem Parlamentu Europejskiego i Rady (UE) 2016\/679 z dnia 27 kwietnia 2016 r. w sprawie ochrony os\u00f3b fizycznych w zwi\u0105zku z przetwarzaniem danych osobowych i w sprawie swobodnego przep\u0142ywu takich danych oraz uchylenia dyrektywy 95\/46\/WE (RODO).<\/p>\n<p>Je\u017celi chc\u0105 Pa\u0144stwo wzi\u0105\u0107 udzia\u0142  w przysz\u0142ych rekrutacjach prosimy o dopisanie \u201eWyra\u017cam zgod\u0119 na przetwarzanie moich danych osobowych dla potrzeb przysz\u0142ych rekrutacji.\u201d<br \/>\nJe\u017celi podaj\u0105 Pa\u0144stwo wi\u0119kszy zakres danych osobowych, ni\u017c ten, kt\u00f3ry jest okre\u015blony w art. 221 KP prosimy o dopisanie \u201eDo\u0142\u0105czenie w CV mojego zdj\u0119cia, jak r\u00f3wnie\u017c podanie przeze mnie w CV wi\u0119kszego zakresu danych osobowych ni\u017c okre\u015blone w art. 221  Kodeksu Pracy jest wyra\u017anym dzia\u0142aniem potwierdzaj\u0105cym moj\u0105 zgod\u0119 na przetwarzania tych danych w celach rekrutacji.\u201d<br \/>\nJednocze\u015bnie informujemy, \u017ce maj\u0105 Pa\u0144stwo prawo do cofni\u0119cia zgody w dowolnym momencie bez wp\u0142ywu na zgodno\u015b\u0107 z prawem przetwarzania, kt\u00f3rego dokonano na podstawie zgody przed jej cofni\u0119ciem (art. 7 ust.3 RODO).<br \/>\n<\/em><\/p>\n<p><\/div>\n\t\t\t<\/div><div class=\"spoiler-wrap\">\n\t\t\t\t<div class=\"spoiler-head folded\">TECHNOLOG PRODUKCJI<\/div>\n\t\t\t\t<div class=\"spoiler-body\"><\/p>\n<p>Chcemy wzbogaci\u0107 sw\u00f3j zesp\u00f3\u0142 o osob\u0119 ambitn\u0105, gotow\u0105 na wyzwania.<br \/>\nNaszym celem jest rozw\u00f3j. Je\u017celi spe\u0142niasz poni\u017csze wymagania, a my spe\u0142niamy Twoje oczekiwania, do\u0142\u0105cz do naszego zespo\u0142u i realizuj z nami ciekawe projekty!<\/p>\n<h4>G\u0142\u00f3wne zadania na stanowisku:<\/h4>\n<ul>\n<li>\tprzygotowanie opisu procesu technologicznego na stanowiska,<\/li>\n<li>\tszkolenie pracownik\u00f3w z zakresu procesu technologicznego,<\/li>\n<li>\toptymalizacja procesu produkcji w celu zwi\u0119kszenia efektywno\u015bci, wydajno\u015bci oraz jako\u015bci,<\/li>\n<li>\tnadz\u00f3r technologiczny nad fazami procesu produkcyjnego,<\/li>\n<li>\topracowywanie wymaganych parametr\u00f3w dla materia\u0142\u00f3w wykorzystywanych w produkcji, <\/li>\n<li>\trozwi\u0105zywanie problem\u00f3w oraz wykrywanie i usuwanie usterek technologicznych,<\/li>\n<li>\tudzia\u0142 w wyborze i zakupie narz\u0119dzi, maszyn i urz\u0105dze\u0144,<\/li>\n<li>\tudzia\u0142 w kontrolowaniu stanu technicznego narz\u0119dzi, szablon\u00f3w, maszyn i urz\u0105dze\u0144,<\/li>\n<li>\twsp\u00f3\u0142praca z innymi dzia\u0142ami zwi\u0105zanymi z procesem technologicznym i realizacj\u0105 produkcji oraz jako\u015bci\u0105.<\/li>\n<\/ul>\n<h4>Je\u015bli posiadasz:<\/h4>\n<ul>\n<li>\t\twykszta\u0142cenie wy\u017csze techniczne,<\/li>\n<li>\tdo\u015bwiadczenie w pracy na podobnym stanowisku,<\/li>\n<li>\tznajomo\u015b\u0107 procesu produkcji w bran\u017cy drzewnej\/metalowej,<\/li>\n<li>\tznajomo\u015b\u0107 rysunku technicznego,<\/li>\n<li>\tznajomo\u015b\u0107 program\u00f3w CNC \u2013 mile widziana, <\/li>\n<li>\tznajomo\u015b\u0107 j\u0119zyka angielskiego w stopniu komunikatywnym \u2013 mile widziana,<\/li>\n<li>\todpowiedzialno\u015b\u0107, uczciwo\u015b\u0107, asertywno\u015b\u0107,<\/li>\n<li>\tumiej\u0119tno\u015b\u0107 pracy w zespole,<\/li>\n<li>\tdok\u0142adno\u015b\u0107, zaanga\u017cowanie,<\/li>\n<li>\tkreatywno\u015b\u0107.<\/li>\n<p><STRONG>To znaczy, \u017ce czekamy w\u0142a\u015bnie na Ciebie!<\/STRONG><\/p>\n<\/ul>\n<h4>Oferujemy:<\/h4>\n<ul>\n<li> zatrudnienie w oparciu o umow\u0119 o prac\u0119 na pe\u0142ny etat oraz pakiet \u015bwiadcze\u0144,<\/li>\n<li>\tciekaw\u0105 i pe\u0142n\u0105 wyzwa\u0144 prac\u0119 w renomowanej firmie,<\/li>\n<li>rozw\u00f3j kompetencji,<\/li>\n<li>\tprac\u0119 w organizacji przyjaznej i z warto\u015bciami,<\/li>\n<li>\tmo\u017cliwo\u015b\u0107 ubezpieczenia grupowego na \u017cycie,<\/li>\n<li>\tbenefity p\u0142acowe: premie oraz dodatki \u015bwi\u0105teczne<\/li>\n<\/ul>\n<hr>\n<p>Zainteresowane osoby prosimy o przes\u0142anie swojego CV na adres e-mail: <a href=\"mailto:rekrutacja@2x3.pl?Subject=Technolog\"> rekrutacja@2X3.pl <\/a><br \/>\nW tytule wiadomo\u015bci prosimy wpisa\u0107: Technolog<\/p>\n<p><em>Informujemy, \u017ce skontaktujemy si\u0119 jedynie z wybranymi kandydatami.<\/p>\n<p>W aplikacji prosimy o zawarcie klauzuli: \u201eWyra\u017cam zgod\u0119 na przetwarzanie moich danych osobowych dla potrzeb niezb\u0119dnych do realizacji procesu rekrutacji (zgodnie z ustaw\u0105 z dnia 10 maja 2018 roku o ochronie danych osobowych (Dz. Ustaw z 2018, poz. 1000) oraz zgodnie z Rozporz\u0105dzeniem Parlamentu Europejskiego i Rady (UE) 2016\/679 z dnia 27 kwietnia 2016 r. w sprawie ochrony os\u00f3b fizycznych w zwi\u0105zku z przetwarzaniem danych osobowych i w sprawie swobodnego przep\u0142ywu takich danych oraz uchylenia dyrektywy 95\/46\/WE (RODO).<\/p>\n<p>Je\u017celi chc\u0105 Pa\u0144stwo wzi\u0105\u0107 udzia\u0142  w przysz\u0142ych rekrutacjach prosimy o dopisanie \u201eWyra\u017cam zgod\u0119 na przetwarzanie moich danych osobowych dla potrzeb przysz\u0142ych rekrutacji.\u201d<br \/>\nJe\u017celi podaj\u0105 Pa\u0144stwo wi\u0119kszy zakres danych osobowych, ni\u017c ten, kt\u00f3ry jest okre\u015blony w art. 221 KP prosimy o dopisanie \u201eDo\u0142\u0105czenie w CV mojego zdj\u0119cia, jak r\u00f3wnie\u017c podanie przeze mnie w CV wi\u0119kszego zakresu danych osobowych ni\u017c okre\u015blone w art. 221  Kodeksu Pracy jest wyra\u017anym dzia\u0142aniem potwierdzaj\u0105cym moj\u0105 zgod\u0119 na przetwarzania tych danych w celach rekrutacji.\u201d<br \/>\nJednocze\u015bnie informujemy, \u017ce maj\u0105 Pa\u0144stwo prawo do cofni\u0119cia zgody w dowolnym momencie bez wp\u0142ywu na zgodno\u015b\u0107 z prawem przetwarzania, kt\u00f3rego dokonano na podstawie zgody przed jej cofni\u0119ciem (art. 7 ust.3 RODO).<br \/>\n<\/em><\/p>\n<p><\/div>\n\t\t\t<\/div><div class=\"spoiler-wrap\">\n\t\t\t\t<div class=\"spoiler-head folded\">MAGAZYNIER<\/div>\n\t\t\t\t<div class=\"spoiler-body\"><\/p>\n<h4>G\u0142\u00f3wne zadania na stanowisku Magazynier:<\/h4>\n<ul>\n<li>\tGospodarowanie zasobami magazynowymi;<\/li>\n<li>\tKontrolowanie towar\u00f3w w czasie dostaw;<\/li>\n<li>\tRealizacja zam\u00f3wie\u0144 materia\u0142u do produkcji;<\/li>\n<li>\tRozlokowanie towaru;<\/li>\n<li>\tZapewnienie bezpiecze\u0144stwa powierzonych materia\u0142\u00f3w;<\/li>\n<\/ul>\n<h4>Je\u017celi posiadasz:<\/h4>\n<ul>\n<li>\tdo\u015bwiadczenie na podobnym stanowisku,<\/li>\n<li>\tuprawnienia UDT IIWJO,<\/li>\n<li>\tpozytywne nastawienie i ch\u0119\u0107 do pracy, <\/li>\n<li>\tumiej\u0119tno\u015bci wsp\u00f3\u0142pracy,<\/li>\n<li>\tjeste\u015b dok\u0142adny i odpowiedzialny,<\/li>\n<p><strong>To do\u0142\u0105cz do nas!<\/strong><\/p>\n<\/ul>\n<h4>Oferujemy:<\/h4>\n<ul>\n<li>\tzatrudnienie w oparciu o umow\u0119 o prac\u0119 na pe\u0142ny etat oraz pakiet \u015bwiadcze\u0144,<\/li>\n<li>\tciekaw\u0105 i pe\u0142n\u0105 wyzwa\u0144 prac\u0119 w renomowanej firmie,<\/li>\n<li>\twsparcie merytoryczne oraz szkoleniowe,<\/li>\n<li>\tmo\u017cliwo\u015b\u0107 ubezpieczenia grupowego na \u017cycie,<\/li>\n<li>\tbenefity p\u0142acowe: premie oraz dodatki \u015bwi\u0105teczne,<\/li>\n<li>\tdojazd do pracy autobusem pracowniczym (z wybranych miejscowo\u015bci).<\/li>\n<\/ul>\n<hr>\n<p>Zainteresowane osoby prosimy o przes\u0142anie swojego CV na adres e-mail: <a href=\"mailto:rekrutacja@2x3.pl?Subject=Magazynier\"> rekrutacja@2X3.pl <\/a><br \/>\nW tytule wiadomo\u015bci prosimy wpisa\u0107: Magazynier<\/p>\n<p><em>Informujemy, \u017ce skontaktujemy si\u0119 jedynie z wybranymi kandydatami.<\/p>\n<p>W aplikacji prosimy o zawarcie klauzuli:<br \/>\n\u201eWyra\u017cam zgod\u0119 na przetwarzanie moich danych osobowych dla potrzeb niezb\u0119dnych do realizacji procesu rekrutacji (zgodnie z ustaw\u0105 z dnia 10 maja 2018 roku o ochronie danych osobowych (Dz. Ustaw z 2018, poz. 1000) oraz zgodnie z Rozporz\u0105dzeniem Parlamentu Europejskiego i Rady (UE) 2016\/679 z dnia 27 kwietnia 2016 r. w sprawie ochrony os\u00f3b fizycznych w zwi\u0105zku z przetwarzaniem danych osobowych i w sprawie swobodnego przep\u0142ywu takich danych oraz uchylenia dyrektywy 95\/46\/WE.<\/p>\n<p>Je\u017celi chc\u0105 Pa\u0144stwo wzi\u0105\u0107 udzia\u0142  w przysz\u0142ych rekrutacjach prosimy o dopisanie \u201eWyra\u017cam zgod\u0119 na przetwarzanie moich danych osobowych dla potrzeb przysz\u0142ych rekrutacji.\u201d<br \/>\nJe\u017celi podaj\u0105 Pa\u0144stwo wi\u0119kszy zakres danych osobowych, ni\u017c ten, kt\u00f3ry jest okre\u015blony w art. 221 KP prosimy o dopisanie \u201eDo\u0142\u0105czenie w CV mojego zdj\u0119cia, jak r\u00f3wnie\u017c podanie przeze mnie w CV wi\u0119kszego zakresu danych osobowych ni\u017c okre\u015blone w art. 221  Kodeksu Pracy jest wyra\u017anym dzia\u0142aniem potwierdzaj\u0105cym moj\u0105 zgod\u0119 na przetwarzania tych danych w celach rekrutacji.\u201d<br \/>\nJednocze\u015bnie informujemy, \u017ce maj\u0105 Pa\u0144stwo prawo do cofni\u0119cia zgody w dowolnym momencie bez wp\u0142ywu na zgodno\u015b\u0107 z prawem przetwarzania, kt\u00f3rego dokonano na podstawie zgody przed jej cofni\u0119ciem (art. 7 ust.3 RODO).<br \/>\n<\/em><\/p>\n<p><\/div>\n\t\t\t<\/div><div class=\"spoiler-wrap\">\n\t\t\t\t<div class=\"spoiler-head folded\">AUTOMATYK<\/div>\n\t\t\t\t<div class=\"spoiler-body\"><\/p>\n<p><strong>Firma 2&#215;3 S.A. poszukuje kandydata do obj\u0119cia stanowiska Automatyk. Chcemy wzbogaci\u0107 sw\u00f3j zesp\u00f3\u0142 o osob\u0119 ambitn\u0105, do\u015bwiadczon\u0105, gotow\u0105 na wyzwania. Naszym celem jest rozw\u00f3j i automatyzacja proces\u00f3w. Je\u017celi spe\u0142niasz poni\u017csze wymagania, a my spe\u0142niamy Twoje oczekiwania, do\u0142\u0105cz do naszego zespo\u0142u sympatycznych profesjonalist\u00f3w i realizuj z nami ciekawe projekty!<\/strong><\/p>\n<h4>Opis stanowiska:<\/h4>\n<ul>\n<li>\tBie\u017c\u0105ce rozwi\u0105zywanie problem\u00f3w zwi\u0105zanych z prac\u0105 uk\u0142ad\u00f3w automatyki maszyn i urz\u0105dze\u0144 w zak\u0142adzie,<\/li>\n<li>\tMonitorowanie oraz usprawnianie pracy maszyn, urz\u0105dze\u0144 oraz linii produkcyjnych,<\/li>\n<li>\tRejestracja i analiza powod\u00f3w zatrzyma\u0144, awarii maszyn, urz\u0105dze\u0144 oraz linii produkcyjnych,<\/li>\n<li>\tSporz\u0105dzanie raport\u00f3w o stanie technicznym ca\u0142ego parku maszyn,<\/li>\n<li>\tTworzenie i realizowanie harmonogram\u00f3w okresowych przegl\u0105d\u00f3w technicznych,<\/li>\n<li>\tUdzia\u0142 w projektach wdra\u017cania, uruchamiania nowych maszyn oraz linii technologicznych.<\/li>\n<\/ul>\n<h4>Je\u017celi posiadasz:<\/h4>\n<ul>\n<li>\tminimum wykszta\u0142cenie zawodowe lub \u015brednie techniczne \u2013 profil automatyk\/elektryk,<\/li>\n<li>\tminimum 3 letnie do\u015bwiadczenie na podobnym stanowisku,<\/li>\n<li>\twiedz\u0119 w zakresie budowy i eksploatacji maszyn i urz\u0105dze\u0144,<\/li>\n<li>\tumiej\u0119tno\u015b\u0107 korzystania z dokumentacji technicznej maszyn i urz\u0105dze\u0144 (instrukcje, schematy, rysunki),<\/li>\n<li>\tuprawnienia SEP do minimum 1 KV,<\/li>\n<li>\tznajomo\u015b\u0107 sterownik\u00f3w PLC:  Siemens, Omron,<\/li>\n<li>\tznajomo\u015b\u0107 obs\u0142ugi komputera,<\/li>\n<li>\tjeste\u015b gotowy do pracy zmianowej w \u015brodowisku ca\u0142odobowym.<\/li>\n<\/ul>\n<h4>Oferujemy:<\/h4>\n<ul>\n<li>\tciekaw\u0105 i odpowiedzialn\u0105 prac\u0119,<\/li>\n<li>\twsparcie merytoryczne oraz szkoleniowe,<\/li>\n<li>\tmo\u017cliwo\u015b\u0107 rozwoju zawodowego,<\/li>\n<li>\tzatrudnienie w oparciu o umow\u0119 o prac\u0119 na pe\u0142ny etat,<\/li>\n<li>\tmo\u017cliwo\u015b\u0107 ubezpieczenia grupowego na \u017cycie,<\/li>\n<li>\tatrakcyjne wynagrodzenie,<\/li>\n<li>\tprac\u0119 w renomowanej firmie,<\/li>\n<li>\tpremie oraz dodatki \u015bwi\u0105teczne,<\/li>\n<li>\tdojazd do pracy autobusem pracowniczym (z wybranych miejscowo\u015bci).<\/li>\n<\/ul>\n<hr>\n<p>Zainteresowane osoby prosimy o przes\u0142anie swojego CV na adres e-mail: <a href=\"mailto:rekrutacja@2x3.pl?Subject=Automatyk\"> rekrutacja@2X3.pl <\/a><br \/>\nW tytule wiadomo\u015bci prosimy wpisa\u0107: Automatyk<\/p>\n<p><em>Informujemy, \u017ce skontaktujemy si\u0119 jedynie z wybranymi kandydatami.<br \/>\nW aplikacji prosimy o zawarcie klauzuli:<br \/>\n\u201eWyra\u017cam zgod\u0119 na przetwarzanie moich danych osobowych dla potrzeb niezb\u0119dnych do realizacji procesu rekrutacji (zgodnie z ustaw\u0105 z dnia 10 maja 2018 roku o ochronie danych osobowych (Dz. Ustaw z 2018, poz. 1000) oraz zgodnie z Rozporz\u0105dzeniem Parlamentu Europejskiego i Rady (UE) 2016\/679 z dnia 27 kwietnia 2016 r. w sprawie ochrony os\u00f3b fizycznych w zwi\u0105zku z przetwarzaniem danych osobowych i w sprawie swobodnego przep\u0142ywu takich danych oraz uchylenia dyrektywy 95\/46\/WE.<\/p>\n<p>Je\u017celi chc\u0105 Pa\u0144stwo wzi\u0105\u0107 udzia\u0142  w przysz\u0142ych rekrutacjach prosimy o dopisanie \u201eWyra\u017cam zgod\u0119 na przetwarzanie moich danych osobowych dla potrzeb przysz\u0142ych rekrutacji.\u201d<br \/>\nJe\u017celi podaj\u0105 Pa\u0144stwo wi\u0119kszy zakres danych osobowych, ni\u017c ten, kt\u00f3ry jest okre\u015blony w art. 221 KP prosimy o dopisanie \u201eDo\u0142\u0105czenie w CV mojego zdj\u0119cia, jak r\u00f3wnie\u017c podanie przeze mnie w CV wi\u0119kszego zakresu danych osobowych ni\u017c okre\u015blone w art. 221  Kodeksu Pracy jest wyra\u017anym dzia\u0142aniem potwierdzaj\u0105cym moj\u0105 zgod\u0119 na przetwarzania tych danych w celach rekrutacji.\u201d<br \/>\nJednocze\u015bnie informujemy, \u017ce maj\u0105 Pa\u0144stwo prawo do cofni\u0119cia zgody w dowolnym momencie bez wp\u0142ywu na zgodno\u015b\u0107 z prawem przetwarzania, kt\u00f3rego dokonano na podstawie zgody przed jej cofni\u0119ciem (art. 7 ust.3 RODO).<br \/>\n<\/em><\/p>\n<p><\/div>\n\t\t\t<\/div><\/p>\n<hr>\n<p><strong>Cz\u0119\u015b\u0107 informacyjna<\/strong><\/p>\n<p>Zgodnie z art. 13 ust. 1 og\u00f3lnego rozporz\u0105dzenia o ochronie danych osobowych z dnia 27 kwietnia 2016 r. (RODO), informuj\u0119, i\u017c:<br \/>\n1.\tAdministratorem Pani\/Pana danych osobowych jest firma 2&#215;3 S.A. z siedzib\u0105 przy ulicy S\u0142onecznej 3, 73-231 Krz\u0119cin.<br \/>\n2.\tW sprawach zwi\u0105zanych z ochron\u0105 danych osobowych mo\u017cna skontaktowa\u0107 si\u0119 z Inspektorem Ochrony Danych Osobowych za po\u015brednictwem poczty elektronicznej na adres e-mail iodo@2&#215;3.pl lub pisemnie na adres siedziby firmy.<br \/>\n3.\tPani\/Pana dane osobowe przetwarzane b\u0119d\u0105 w celu przeprowadzenia procesu rekrutacyjnego, na podstawie:<br \/>\na)\tart. 6 ust. 1 lit. c RODO (wype\u0142nienie obowi\u0105zku prawnego ci\u0105\u017c\u0105cego na administratorze);<br \/>\nb)\tart. 9 ust. 2 lit. b RODO (na podstawie przepisu prawa);<br \/>\nc)\tart. 6 ust. 1 lit. b RODO (przetwarzanie jest niezb\u0119dne do podj\u0119cia dzia\u0142a\u0144 na \u017c\u0105danie osoby, kt\u00f3rej dane dotycz\u0105 przed zawarciem umowy);<br \/>\nd)\tart. 6 ust. 1 lit. a RODO (zgoda osoby, kt\u00f3rej dane dotycz\u0105, w zakresie wykraczaj\u0105cym poza przepisy prawa oraz w sytuacji zg\u0142oszenia zainteresowania udzia\u0142em w kolejnych procesach rekrutacyjnych).<br \/>\n4.\tOdbiorcami Pani\/Pana danych osobowych mog\u0105 by\u0107 internetowe portale rekrutacyjne.<br \/>\n5.\tPani\/Pana dane osobowe nie b\u0119d\u0105 przekazywane do pa\u0144stw trzecich a wi\u0119c poza teren Europejskiego Obszaru Gospodarczego.<br \/>\n6.\tPani\/Pana dane osobowe b\u0119d\u0105 przechowywane przez okres nie d\u0142u\u017cszy ni\u017c jest to niezb\u0119dne do realizacji celu, jakim jest przeprowadzenie procesu rekrutacyjnego a tak\u017ce (w niezb\u0119dnym zakresie) przez okres dochodzenia praw lub roszcze\u0144. W przypadku wyra\u017cenia przez Pani\u0105\/Pana zgody na przetwarzanie danych osobowych dla cel\u00f3w przysz\u0142ych rekrutacji, dane b\u0119d\u0105 wykorzystywane przez okres 24 miesi\u0119cy.<br \/>\n7.\tPrzys\u0142uguje Pani\/Panu prawo do:<br \/>\na)    dost\u0119pu do swoich danych oraz otrzymania ich kopii;<br \/>\nb)    \u017c\u0105dania sprostowania (poprawiania) swoich danych osobowych;<br \/>\nc)    usuni\u0119cia danych osobowych;<br \/>\nd)    ograniczenia przetwarzania danych osobowych;<br \/>\ne)    przenoszenia danych;<br \/>\nW zakresie, w jakim postaw\u0105 przetwarzania Pani\/Pana danych osobowych jest zgoda wyra\u017cona na podstawie przepis\u00f3w RODO, przys\u0142uguje Pani\/Panu prawo do cofni\u0119cia takiej zgody. Wycofanie zgody nie ma wp\u0142ywu ma przetwarzanie, kt\u00f3rego dokonano przed jej wycofaniem.<br \/>\n8.\tJe\u015bli uzna Pani\/Pan, i\u017c przetwarzanie danych osobowych Pani\/Pana dotycz\u0105cych narusza przepisy RODO, przys\u0142uguje Pani\/Panu prawo wniesienia skargi do Prezesa Urz\u0119du Ochrony Danych Osobowych.<br \/>\n9.\tPodanie przez Pani\u0105\/Pana danych osobowych jest wymogiem ustawowym, wynikaj\u0105cym z art. 221 Kodeksu Pracy. Bez podania  danych osobowych nie jest mo\u017cliwe wzi\u0119cie udzia\u0142u w procesie rekrutacji. Podanie danych osobowych w zakresie wi\u0119kszym ni\u017c te, kt\u00f3re wynikaj\u0105 z art. 221 Kodeksu Pracy jest dobrowolne.<br \/>\n10.\tPani\/Pana dane nie b\u0119d\u0105 przetwarzane w spos\u00f3b zautomatyzowany, w tym w formie profilowania.<br \/>\n11.\tZgodnie z art. 21 ust. 4 RODO informuj\u0119, i\u017c przys\u0142uguje Pani\/Panu prawo wniesienia sprzeciwu wobec przetwarzania dotycz\u0105cych Pani\/Panu danych osobowych. Sprzeciw nale\u017cy z\u0142o\u017cy\u0107 Inspektorowi Ochrony Danych, kt\u00f3rego dane kontaktowe wskazane s\u0105 w pkt 2. Zgodnie z art. 21 ust. 1 RODO, sk\u0142adaj\u0105c sprzeciw, nale\u017cy wskaza\u0107 jego przyczyny zwi\u0105zane z Pani\/Pana szczeg\u00f3ln\u0105 sytuacj\u0105.<\/p>\n<p><br \/>\n<\/p>\n","protected":false},"excerpt":{"rendered":"","protected":false},"author":18,"featured_media":0,"parent":0,"menu_order":0,"comment_status":"closed","ping_status":"closed","template":"","meta":{"ngg_post_thumbnail":0,"footnotes":""},"class_list":["post-4516","page","type-page","status-publish","hentry"],"_links":{"self":[{"href":"https:\/\/www.2x3.pl\/pl\/wp-json\/wp\/v2\/pages\/4516","targetHints":{"allow":["GET"]}}],"collection":[{"href":"https:\/\/www.2x3.pl\/pl\/wp-json\/wp\/v2\/pages"}],"about":[{"href":"https:\/\/www.2x3.pl\/pl\/wp-json\/wp\/v2\/types\/page"}],"author":[{"embeddable":true,"href":"https:\/\/www.2x3.pl\/pl\/wp-json\/wp\/v2\/users\/18"}],"replies":[{"embeddable":true,"href":"https:\/\/www.2x3.pl\/pl\/wp-json\/wp\/v2\/comments?post=4516"}],"version-history":[{"count":24,"href":"https:\/\/www.2x3.pl\/pl\/wp-json\/wp\/v2\/pages\/4516\/revisions"}],"predecessor-version":[{"id":15276,"href":"https:\/\/www.2x3.pl\/pl\/wp-json\/wp\/v2\/pages\/4516\/revisions\/15276"}],"wp:attachment":[{"href":"https:\/\/www.2x3.pl\/pl\/wp-json\/wp\/v2\/media?parent=4516"}],"curies":[{"name":"wp","href":"https:\/\/api.w.org\/{rel}","templated":true}]}}