{"id":72,"date":"2011-04-03T23:19:49","date_gmt":"2011-04-03T21:19:49","guid":{"rendered":"http:\/\/www.2x3.pl\/?page_id=72"},"modified":"2024-11-28T14:58:35","modified_gmt":"2024-11-28T13:58:35","slug":"historia","status":"publish","type":"page","link":"https:\/\/www.2x3.pl\/pl\/firma\/historia\/","title":{"rendered":"Historia"},"content":{"rendered":"<\/p>\n<h3><strong>1996\u20131997<\/strong><\/h3>\n<ul>\n<li>Jacek Kuzynin i Piotr Buluk zak\u0142adaj\u0105 sp\u00f3\u0142k\u0119 2&#215;3<\/li>\n<li>Rozpoczynamy produkcj\u0119 tablic korkowych<\/li>\n<li>Zajmujemy hal\u0119 produkcyjn\u0105 o powierzchni 60 m\u00b2<\/li>\n<li>Nasi pierwsi klienci: Office Depot, Dudley i Dom Korkowy<\/li>\n<\/ul>\n<h3><strong>1998\u20131999<\/strong><\/h3>\n<ul>\n<li>Przenosimy produkcj\u0119 do nowej hali o powierzchni 400 m\u00b2<\/li>\n<li>Rozbudowujemy park maszynowy<\/li>\n<li>Wdra\u017camy do produkcji tablice korkowe w ramie aluminiowej, tablice sucho\u015bcieralne oraz flipchart, kt\u00f3ry jest sprzedawany do dzi\u015b w niezmiennej formie jako Popchart.<\/li>\n<li>Kupujemy wcze\u015bniej zajmowan\u0105 nieruchomo\u015b\u0107 w Choszcznie<br \/>\n(dzisiejsze centrum dystrybucji 2&#215;3)<\/li>\n<li>Nast\u0119puje zmiana struktury w\u0142asno\u015bci. Ze sp\u00f3\u0142ki odchodzi Piotr Buluk a nowym wsp\u00f3lnikiem zostaje Anna Kuzynin<\/li>\n<li>Wydajemy nasz pierwszy katalog produkt\u00f3w.<\/li>\n<li>Bierzemy udzia\u0142 w targach Meeting Premiera w Warszawie.<\/li>\n<\/ul>\n<h3><strong>2000\u20132001<\/strong><\/h3>\n<ul>\n<li>Nawi\u0105zujemy blisk\u0105 wsp\u00f3\u0142prac\u0119 z du\u0144sk\u0105 firm\u0105 Alliance Pentagon.<\/li>\n<li>W wyniku tej wsp\u00f3\u0142pracy wdra\u017camy do produkcji tablice z powierzchni\u0105 ceramiczn\u0105, tablice obrotowe, tryptyki i nowe modele flipchart\u00f3w.<\/li>\n<li>Rozpoczynamy budow\u0119 nowej hali produkcyjnej o pow. 1000 m\u00b2<\/li>\n<li>Pierwsza sprzeda\u017c eksportowa na W\u0119gry i Litw\u0119.<\/li>\n<li>Wydajemy drugi katalog produkt\u00f3w w trzech wersjach j\u0119zykowych.<\/li>\n<\/ul>\n<h3><strong>2002\u20132003<\/strong><\/h3>\n<ul>\n<li>2&#215;3 bierze udzia\u0142 w pierwszych targach zagranicznych w Moskwie.<\/li>\n<li>Rozpoczynamy sprzeda\u017c na nowych rynkach, m.in. w Rosji, Rumunii, Ukrainie i Kazachstanie.<\/li>\n<li>Rozszerzamy asortyment o ekrany projekcyjne i meble prezentacyjne.<\/li>\n<li>Wydajemy nowy katalog 2003\/2004, w kt\u00f3rym znajduje si\u0119 ponad 240 produkt\u00f3w.<\/li>\n<\/ul>\n<h3><strong>2004\u20132005<\/strong><\/h3>\n<ul>\n<li>Kupujemy nieruchomo\u015b\u0107 w Krz\u0119cinie, w sk\u0142ad kt\u00f3rej wchodz\u0105 hale o powierzchni powy\u017cej 4000 m\u00b2 oraz grunty pod inwestycje o pow. 1,2 ha.<\/li>\n<li>Przenosimy cz\u0119\u015b\u0107 produkcji do nowej hali.<\/li>\n<li>Rozpoczynamy produkcj\u0119 dla najwi\u0119kszych dystrybutor\u00f3w w Europie.<\/li>\n<li>Sprzeda\u017c eksportowa przewy\u017csza sprzeda\u017c krajow\u0105.<\/li>\n<li>Roczna sprzeda\u017c to ponad 500 000 szt. produkt\u00f3w.<\/li>\n<li>Wydajemy kolejny katalog produkt\u00f3w.<\/li>\n<li>Wprowadzamy now\u0105 lini\u0119 produkt\u00f3w pod mark\u0105 ecoBoards.<\/li>\n<li>Firma przekszta\u0142ca si\u0119 w sp\u00f3\u0142k\u0119 z o.o.<\/li>\n<\/ul>\n<h3><strong>2006\u20132007<\/strong><\/h3>\n<ul>\n<li>Zako\u0144czyli\u015bmy pierwszy etap inwestycji w Krz\u0119cinie.<\/li>\n<li>Przenie\u015bli\u015bmy produkcj\u0119 do nowych hal.<\/li>\n<li>Za\u0142o\u017cyli\u015bmy firm\u0119 2&#215;3 Ukraine Ltd.<\/li>\n<li>Pierwsze tablice interaktywne &#8211; <em>2&#215;3 iBoard<\/em>.<\/li>\n<li>Powstaje centrum logistyczne 2&#215;3.\n<div style=\"text-align: center;\"><\/div>\n<\/li>\n<\/ul>\n<h3><strong>2008\u20132009<\/strong><\/h3>\n<ul>\n<li>Firma zostaje uhonorowana tytu\u0142em <em title=\"dla najdynamiczniej rozwijaj\u0105cych si\u0119 firm w Polsce\">Gazele Biznesu<\/em> za rok 2007.<\/li>\n<li>2&#215;3 Sp\u00f3\u0142ka z o.o. zosta\u0142a przekszta\u0142cona w Sp\u00f3\u0142k\u0119 Akcyjn\u0105.<\/li>\n<li>Rozpoczynamy kooperacj\u0119 z ameryka\u0144sk\u0105 firm\u0105 PolyVision. Do oferty wprowadzamy innowacyjne tablice interaktywne \u0113no.<\/li>\n<\/ul>\n<h3><strong>2010-2011<\/strong><\/h3>\n<ul>\n<li>Nawi\u0105zujemy wsp\u00f3\u0142prac\u0119 w firm\u0105 NEC, staj\u0105c si\u0119 autoryzowanym resellerem projektor\u00f3w.<\/li>\n<li>Otrzymujemy <a href=\"http:\/\/www.2x3.pl\/pobierz\/certyfikaty\/#produktow\">certyfikaty zgodno\u015bci z Polsk\u0105 Norm\u0105<\/a>.<\/li>\n<li>2&#215;3 S.A. uzyskuje Certyfikat Zarz\u0105dzania Jako\u015bci\u0105 ISO 9001.<\/li>\n<\/ul>\n<h3><strong>2012\u20132013<\/strong><\/h3>\n<ul>\n<li>Bierzemy udzia\u0142 w targach w \u0141odzi i w Kielcach<\/li>\n<li>Nasz czy\u015bcik duo zwyci\u0119zc\u0105 1 edycji konkursu organizowanego przez redakcj\u0119 czasopisma papierniczy \u015bwiat i the International Stationery Press Association<\/li>\n<li>Impreza 2&#215;3 Demo Day 2012 oraz rozdanie statuetek w Pa\u0142acu w Mierz\u0119cinie<\/li>\n<li>Oferta 2&#215;3 uznana za pro-dzieci\u0119c\u0105 przez KidZone pod patronatem Praw Dziecka<\/li>\n<li>Utworzyli\u015bmy pulpit kontrahenta do sk\u0142adania zam\u00f3wie\u0144 przez internet<\/li>\n<li>Bierzemy udzia\u0142 w targach Paperworld we Frankfurcie<\/li>\n<li>Zmienili\u015bmy g\u0142\u00f3wne logo firmy oraz marki ecoBoards<\/li>\n<\/ul>\n<h3><strong>2014\u20132015<\/strong><\/h3>\n<ul>\n<li>Zostali\u015bmy wyr\u00f3\u017cnieni w portalu firmy.net<\/li>\n<li>Wprowadzili\u015bmy na rynek now\u0105 interaktywn\u0105 tablic\u0119 esprit MT<\/li>\n<li>Wdro\u017cyli\u015bmy now\u0105 wersj\u0119 oprogramowania do tablic interaktywnych esprit<\/li>\n<li>Wzi\u0119li\u015bmy udzia\u0142 w mi\u0119dzynarodowych targach we Frankfurcie i Dubaju<\/li>\n<li>Kontynuowali\u015bmy kolejn\u0105 edycj\u0119 programu ISP dla naszych klient\u00f3w<\/li>\n<li>Utworzyli\u015bmy drug\u0105 lini\u0119 wsparcia technicznego<\/li>\n<li>Akcja Pa\u017adziernikowa &#8222;2X3&#8221;<\/li>\n<\/ul>\n<h3><strong>2016-2017<\/strong><\/h3>\n<ul>\n<li>Nowo\u015bci z okazji 20 lecia firmy &#8211; nowe gabloty LED i Eco<\/li>\n<li>7 edycja konkursu ISP<\/li>\n<li>Produkujemy corocznie powy\u017cej 690 tys. tablic i powy\u017cej 40 tys. flipchart\u00f3w<\/li>\n<li>Wzi\u0119li\u015bmy udzia\u0142 w targach we Frankfurcie i Dubaju (2016, 2017)<\/li>\n<li>Wsp\u00f3\u0142pracujemy z ponad 650 kontrahentami na ca\u0142ym \u015bwiecie<\/li>\n<li>Wprowadzili\u015bmy na rynek ponad 20 designerskich nowo\u015bci<\/li>\n<\/ul>\n<h3><strong>2018-2019<\/strong><\/h3>\n<ul>\n<li>Nowo\u015bci w ofercie &#8211; tablice bezramowe<\/li>\n<li>8 edycja akcji ISP oraz 3 edycja konkursu esprit<\/li>\n<li>Wzi\u0119li\u015bmy udzia\u0142 w targach we Frankfurcie i Dubaju (2018)<\/li>\n<li>Program aktywna tablica<\/li>\n<li>9 edycja akcji ISP oraz 4 edycja konkursu esprit<\/li>\n<li>Wzi\u0119li\u015bmy udzia\u0142 w targach we Frankfurcie i Dubaju (2019)<\/li>\n<li>Nowo\u015b\u0107 w ofercie &#8211; tablica esprit mt pro plus<\/li>\n<\/ul>\n<p>\n","protected":false},"excerpt":{"rendered":"","protected":false},"author":18,"featured_media":0,"parent":70,"menu_order":0,"comment_status":"closed","ping_status":"closed","template":"","meta":{"ngg_post_thumbnail":0,"footnotes":""},"class_list":["post-72","page","type-page","status-publish","hentry"],"_links":{"self":[{"href":"https:\/\/www.2x3.pl\/pl\/wp-json\/wp\/v2\/pages\/72","targetHints":{"allow":["GET"]}}],"collection":[{"href":"https:\/\/www.2x3.pl\/pl\/wp-json\/wp\/v2\/pages"}],"about":[{"href":"https:\/\/www.2x3.pl\/pl\/wp-json\/wp\/v2\/types\/page"}],"author":[{"embeddable":true,"href":"https:\/\/www.2x3.pl\/pl\/wp-json\/wp\/v2\/users\/18"}],"replies":[{"embeddable":true,"href":"https:\/\/www.2x3.pl\/pl\/wp-json\/wp\/v2\/comments?post=72"}],"version-history":[{"count":1,"href":"https:\/\/www.2x3.pl\/pl\/wp-json\/wp\/v2\/pages\/72\/revisions"}],"predecessor-version":[{"id":15014,"href":"https:\/\/www.2x3.pl\/pl\/wp-json\/wp\/v2\/pages\/72\/revisions\/15014"}],"up":[{"embeddable":true,"href":"https:\/\/www.2x3.pl\/pl\/wp-json\/wp\/v2\/pages\/70"}],"wp:attachment":[{"href":"https:\/\/www.2x3.pl\/pl\/wp-json\/wp\/v2\/media?parent=72"}],"curies":[{"name":"wp","href":"https:\/\/api.w.org\/{rel}","templated":true}]}}