{"id":821,"date":"2011-12-16T09:42:38","date_gmt":"2011-12-16T08:42:38","guid":{"rendered":"http:\/\/www.2x3.pl\/?page_id=821"},"modified":"2024-11-27T15:08:20","modified_gmt":"2024-11-27T14:08:20","slug":"reklamacje","status":"publish","type":"page","link":"https:\/\/www.2x3.pl\/pl\/reklamacje\/","title":{"rendered":"Serwis reklamacyjny"},"content":{"rendered":"\n<h3>Szanowni Pa\u0144stwo,<\/h3>\n<p>\nPracownicy naszej firmy na co dzie\u0144 dbaj\u0105 o to, aby nasze us\u0142ugi \u015bwiadczone by\u0142y na najwy\u017cszym poziomie i odpowiada\u0142y Pa\u0144stwa oczekiwaniom. Je\u015bli nasze produkty nie spe\u0142niaj\u0105 Pa\u0144stwa wymaga\u0144, prosimy o post\u0119powanie zgodnie z wytycznymi przedstawionymi poni\u017cej. Podany spos\u00f3b post\u0119powania znacznie u\u0142atwi nam szybkie i sprawne rozpatrzenie Pa\u0144stwa reklamacji. <\/p>\n<p>Zapewniamy, i\u017c wszelkie Pa\u0144stwa uwagi i sugestie dotycz\u0105ce naszych produkt\u00f3w b\u0119d\u0105 mia\u0142y istotny wp\u0142yw na podniesienie ich jako\u015bci. Liczymy na mi\u0142\u0105 i owocn\u0105 wsp\u00f3\u0142prac\u0119.<\/p>\n<div class=\"product-card\"><a class=\"pdf-file-32\" href=\"https:\/\/www.2x3.pl\/pdf\/reklamacja_produktu.pdf\">Opis procesu reklamacji<\/a><\/div>\n<p>\n<span style=\"font-size: 1.5em;\">Aby zg\u0142osi\u0107 reklamacj\u0119 nale\u017cy:<\/span><\/p>\n<p> \t<strong>1. <\/strong>Przes\u0142a\u0107 na adres <a href=\"mailto:reklamacje@2x3.pl?Subject=Reklamacja:%20\">reklamacje@2X3.pl<\/a> wype\u0142nione zg\u0142oszenie reklamacyjne &#8211; dost\u0119pne poni\u017cej:<\/p>\n<div class=\"product-card\"><a class=\"pdf-file-32\" href=\"https:\/\/www.2x3.pl\/pdf\/zgloszenie_reklamacyjne.pdf\">Zg\u0142oszenie reklamacyjne<\/a><\/div>\n<p> \t<strong>2. <\/strong> Braki ilo\u015bciowe i jako\u015bciowe w dokonanej dostawie, w przypadku uszkodzonej przesy\u0142ki, musz\u0105 zosta\u0107 stwierdzone przy odbiorze dostawy, w obecno\u015bci przedstawiciela przewo\u017anika realizuj\u0105cego dostaw\u0119 i zg\u0142oszone Sprzedawcy najp\u00f3\u017aniej pierwszego dnia roboczego po dniu dostawy. Dokumentem wymaganym w tej sytuacji jest <strong>Protok\u00f3\u0142 Szkody<\/strong> spisany z kurierem.<\/p>\n<p><strong>3. <\/strong> W przypadku braku odpowiedzi za strony Klienta w przeci\u0105gu 30 dni od ostatniego kontaktu, uznaje si\u0119 reklamacj\u0119 <u>za zamkni\u0119t\u0105.<\/u><\/p>\n<p style=\"margin-top: 30px;\">Wszelkie informacje uzyskaj\u0105 Pa\u0144stwo pod nr. tel.: <strong style=\"font-size: 1.4em;\">95&nbsp;765 19 49<\/strong> od poniedzia\u0142ku do pi\u0105tku, w godzinach 07:00\u201315:30.<\/p>\n<hr>\n<h2>REGULAMIN REKLAMACJI<\/h2>\n<p>[show_more more=&#8221; &#8211; Rozwi\u0144&#8221; less=&#8221; &#8211; Zwi\u0144&#8221; color=&#8221;#0066CC&#8221; list=&#8221;Przepisy og\u00f3lne&#8221;]<\/p>\n<h3>Przepisy og\u00f3lne<\/h3>\n<ol>\n<li>Firma 2&#215;3 S.A., jako Sprzedawca, ponosi odpowiedzialno\u015b\u0107 za wady towaru w okresie 24 miesi\u0119cy, licz\u0105c od daty sprzeda\u017cy towaru.<\/li>\n<li>Odpowiedzialno\u015b\u0107 za wady towaru obejmuje: nieodp\u0142atn\u0105 napraw\u0119 lub wymian\u0119 towaru, wadliwego z przyczyn zale\u017cnych od producenta, w tym wad produkcyjnych i materia\u0142owych, o ile wady zosta\u0142y zg\u0142oszone przed up\u0142ywem 24 miesi\u0119cy od daty zakupu danego towaru.<\/li>\n<li>Odpowiedzialno\u015b\u0107 jest wy\u0142\u0105czona, je\u017celi Nabywca wiedzia\u0142 o wadzie w chwili odbioru towaru.<\/li>\n<li>Zakresem odpowiedzialno\u015bci Sprzedawcy nie s\u0105 obj\u0119te wady towaru, wynik\u0142e z przyczyn niezale\u017cnych od producenta, tj.:\n<ul>\n<li>uszkodze\u0144 mechanicznych (spowodowanych np. upadkiem, uszkodzeniem t\u0119pym lub ostrym narz\u0119dziem)<\/li>\n<li>niew\u0142a\u015bciwego monta\u017cu, niezgodnego z zasadami zawartymi w instrukcji<\/li>\n<li>niew\u0142a\u015bciwej konserwacji, niezgodnej z zasadami zawartymi w instrukcji<\/li>\n<li>z\u0142ego sposobu przechowywania (wp\u0142yw czynnik\u00f3w atmosferycznych, zanieczyszcze\u0144, wilgoci)<\/li>\n<li>u\u017cytkowania niezgodnego z przeznaczeniem<\/li>\n<\/ul>\n<\/li>\n<li>Odpowiedzialno\u015b\u0107 Firmy 2&#215;3 S.A. wzgl\u0119dem Nabywcy ogranicza si\u0119 do warto\u015bci towaru ustalonej wed\u0142ug ceny sprzeda\u017cy z dnia zakupu i nie obejmuje szk\u00f3d powsta\u0142ych w zwi\u0105zku z jego u\u017cytkowaniem.<\/li>\n<li>W przypadku nieuzasadnionego roszczenia, Nabywca pokrywa wszystkie koszty zwi\u0105zane z przesy\u0142k\u0105 towaru i dodatkow\u0105 obs\u0142ug\u0105 reklamacyjn\u0105 (je\u017celi takowa wyst\u0105pi).<\/li>\n<\/ol>\n<p>[\/show_more][show_more more=&#8221; &#8211; Rozwi\u0144&#8221; less=&#8221; &#8211; Zwi\u0144&#8221; color=&#8221;#0066CC&#8221; list=&#8221;Podstawowe warunki reklamacji&#8221;]<\/p>\n<h3>Podstawowe warunki reklamacji<\/h3>\n<ol>\n<li>W przypadku pojawienia si\u0119 na zakupionym towarze, w okresie do 24 miesi\u0119cy od daty zakupu, niezgodno\u015bci towaru z umow\u0105 (wady), klient ma prawo dan\u0105 wad\u0119 reklamowa\u0107.<\/li>\n<li>Podstaw\u0105 zg\u0142oszenia reklamacji jest prawid\u0142owo wype\u0142niony Protok\u00f3\u0142 Reklamacyjny oraz okazanie kopii dokument\u00f3w potwierdzaj\u0105cych zawarcie transakcji, tj. faktury VAT lub innych dokument\u00f3w handlowych.<\/li>\n<li>Podstaw\u0105 do rozpatrzenia reklamacji w uzasadnionych przypadkach mo\u017ce by\u0107 przes\u0142anie zdj\u0119cia uszkodzenia lub po wcze\u015bniejszym uzgodnieniu tego z Firm\u0105 2&#215;3 S.A. wys\u0142anie tego towaru, w celu dokonania przez Sprzedawc\u0119 poprawnej oceny przyczyny niezgodno\u015bci towaru z umow\u0105.<\/li>\n<li>Firma 2&#215;3 S.A. zobowi\u0105zuje si\u0119 do rozpatrzenia reklamacji w terminie 14 dni roboczych od daty jej zg\u0142oszenia.<br \/>\nW przypadku zaistnienia konieczno\u015bci wys\u0142ania wadliwego towaru do dostawcy, czas rozpatrzenia reklamacji z przyczyn niezale\u017cnych od Sprzedaj\u0105cego mo\u017ce ulec niezb\u0119dnemu wyd\u0142u\u017ceniu, nie d\u0142u\u017cej jednak ni\u017c do 30 dni roboczych.<\/li>\n<li>O rozstrzygni\u0119ciu reklamacji Firma 2&#215;3 S.A. ma obowi\u0105zek poinformowa\u0107 Nabywc\u0119 w terminie 2 dni roboczych od daty jej rozpatrzenia.<\/li>\n<li>W wyniku uznania reklamacji, nast\u0119puje: wymiana towaru na wolny od wad, obni\u017cenie ceny lub naprawa zaistnia\u0142ej wady b\u0119d\u0105cej przyczyn\u0105 zg\u0142oszonej reklamacji.<\/li>\n<li>Reklamacj\u0119 uwa\u017ca si\u0119 za nieuznan\u0105, poprzez podanie przez Firm\u0119 2&#215;3 S.A. powodu nie uznania wady i zwrot towaru do Zg\u0142aszaj\u0105cego reklamacj\u0119. Sum\u0119 ewentualnie poniesionych przez Sprzedawc\u0119 koszt\u00f3w, Zg\u0142aszaj\u0105cy reklamacj\u0119 ma obowi\u0105zek zwr\u00f3ci\u0107 na podstawie Faktury VAT w terminie 7 dni od daty jej wystawienia. W szczeg\u00f3lnych okoliczno\u015bciach, koszty te mog\u0105 by\u0107 doliczone do nast\u0119pnego zam\u00f3wienia dokonanego przez Zg\u0142aszaj\u0105cego, jako wyszczeg\u00f3lnienie na Fakturze VAT.<\/li>\n<\/ol>\n<p>[\/show_more][show_more more=&#8221; &#8211; Rozwi\u0144&#8221; less=&#8221; &#8211; Zwi\u0144&#8221; color=&#8221;#0066CC&#8221; list=&#8221;Reklamacje rzeczowe (ilo\u015bciowe i jako\u015bciowe) dotycz\u0105ce dostawy&#8221;]<\/p>\n<h3>Reklamacje rzeczowe (ilo\u015bciowe i jako\u015bciowe) dotycz\u0105ce dostawy<\/h3>\n<ol>\n<li>Kupuj\u0105cy ma obowi\u0105zek niezw\u0142ocznego sprawdzenia dostawy.<br \/>\nBraki ilo\u015bciowe lub jako\u015bciowe w dokonanej dostawie, w przypadku uszkodzonej przesy\u0142ki, musz\u0105 zosta\u0107 stwierdzone przy odbiorze dostawy, w obecno\u015bci przedstawiciela przewo\u017anika realizuj\u0105cego dostaw\u0119 i zg\u0142oszone Sprzedawcy najp\u00f3\u017aniej pierwszego dnia roboczego po dniu dostawy. (Takie zg\u0142oszenie nie dotyczy przesy\u0142ek realizowanych przez przewo\u017anika, kt\u00f3remu dostaw\u0119 zleci\u0142 Zamawiaj\u0105cy).<br \/>\nUWAGA! Przyj\u0119cie przez Kupuj\u0105cego przesy\u0142ki bez zastrze\u017ce\u0144 powoduje wyga\u015bni\u0119cie roszcze\u0144 z tytu\u0142u ubytku lub uszkodzenia mechanicznego. Je\u017celi Kupuj\u0105cy nie wype\u0142ni wsp\u00f3lnie z przewo\u017anikiem protoko\u0142u szkodowego na t\u0105 okoliczno\u015b\u0107 w momencie odbioru przesy\u0142ki droga reklamacji zostanie zamkni\u0119ta. W przypadku trudno\u015bci ze sprawdzeniem towaru lub odmowy spisania protoko\u0142u szkodowego przez kuriera, prosimy o spisanie danych osobowych pracownika firmy przewozowej (imienia, nazwiska oraz nr telefonu) i niezw\u0142oczne przekazanie tej informacji osobie prowadz\u0105cej zam\u00f3wienie.<\/li>\n<li>Je\u017celi odebrano towar bez daj\u0105cych si\u0119 zauwa\u017cy\u0107 uszkodze\u0144 przesy\u0142ki a braki ilo\u015bciowe lub jako\u015bciowe stwierdzono dopiero po rozpakowaniu dostawy, nale\u017cy powiadomi\u0107 o tym fakcie Sprzedawc\u0119 nie p\u00f3\u017aniej ni\u017c w ci\u0105gu 3 dni roboczych od daty otrzymania dostawy.<\/li>\n<li>Reklamacje rzeczowe zg\u0142aszane do Firmy 2&#215;3 S.A. powinny zawiera\u0107 dat\u0119 i numer przesy\u0142ki oraz:\n<ol>\n<li>w przypadku otrzymania uszkodzonej przesy\u0142ki: protok\u00f3\u0142 spisany w obecno\u015bci kuriera przewo\u017anika realizuj\u0105cego dostaw\u0119,<\/li>\n<li>zdj\u0119cia uszkodzonego opakowania oraz produktu,<\/li>\n<li>w przypadku stwierdzenia brak\u00f3w ilo\u015bciowych bez daj\u0105cych si\u0119 zauwa\u017cy\u0107 uszkodze\u0144 przesy\u0142ki: protok\u00f3\u0142 spisany przez co najmniej dw\u00f3ch przedstawicieli Kupuj\u0105cego<\/li>\n<\/ol>\n<\/li>\n<\/ol>\n<p>[\/show_more][show_more more=&#8221; &#8211; Rozwi\u0144&#8221; less=&#8221; &#8211; Zwi\u0144&#8221; color=&#8221;#0066CC&#8221; list=&#8221;Zasady Dostawy Reklamowanego towaru&#8221;]<\/p>\n<h3>Zasady Dostawy Reklamowanego towaru<\/h3>\n<ol>\n<li>Odbi\u00f3r reklamowanego towaru od Klienta odbywa si\u0119 za po\u015brednictwem firmy kurierskiej na koszt Sprzedawcy. Firma 2&#215;3 S.A. zobowi\u0105zuje si\u0119 zleci\u0107 odbi\u00f3r przesy\u0142ki od Klienta w ci\u0105gu 7 dni roboczych i przekaza\u0107 informacj\u0119 Klientowi o dacie odbioru wadliwego towaru. Ewentualne koszty zale\u017c\u0105 od tego czy reklamacja jako\u015bciowa zostanie uznana czy oddalona:\n<ol>\n<li>W przypadku, gdy reklamacja jako\u015bciowa zostanie uznana: Klient nie ponosi \u017cadnych koszt\u00f3w zwi\u0105zanych z us\u0142ug\u0105 transportow\u0105. Kosztem dostawy towaru wolnego od wad zostaje obci\u0105\u017cona Firma 2&#215;3 S.A.<\/li>\n<li>W przypadku, gdy reklamacja jako\u015bciowa zostanie oddalona: koszt transportu (zgodnie z cennikiem us\u0142ug firmy kurierskiej) oraz ewentualne koszty obs\u0142ugi reklamacji pokrywa Klient, na podstawie Faktury VAT wystawionej przez Firm\u0119 2&#215;3 S.A. w terminie 7 dni od daty jej wystawienia. W szczeg\u00f3lnych okoliczno\u015bciach, koszty te mog\u0105 by\u0107 doliczone do nast\u0119pnego zam\u00f3wienia dokonanego przez Zg\u0142aszaj\u0105cego, jako wyszczeg\u00f3lnione na Fakturze VAT.<\/li>\n<\/ol>\n<\/li>\n<li>Reklamowany towar musi by\u0107 odpowiednio zapakowany, tak aby nie uleg\u0142 dodatkowemu uszkodzeniu w czasie transportu. Mo\u017ce ono wp\u0142yn\u0105\u0107 na wynik rozpatrzenia reklamacji. Za w\u0142a\u015bciwe zabezpieczenie, opakowanie i wysy\u0142k\u0119 towaru odpowiedzialny jest Nabywca.<\/li>\n<\/ol>\n<p>[\/show_more]<\/p>\n<h3>Gwarancja<\/h3>\n<ol>\n<li>Towary sprzedawane przez Firm\u0119 2&#215;3 S.A. podlegaj\u0105 gwarancji z tytu\u0142u r\u0119kojmi.<\/li>\n<li>Gwarancja obowi\u0105zuje na terenie Polski i zagranicy.<\/li>\n<li>Towarami podlegaj\u0105cymi gwarancji s\u0105 towary, do kt\u00f3rych klient dostarczy kopi\u0119 dowodu zakupu.<\/li>\n<\/ol>\n<h3>Postanowienia ko\u0144cowe<\/h3>\n<ol>\n<li>W przypadkach nie uregulowanych w niniejszym Regulaminie lub w innych postanowieniach ustalonych przez Strony na pi\u015bmie, maj\u0105 zastosowanie przepisy polskiego Kodeksu Cywilnego i Ustawy o sprzeda\u017cy konsumenckiej.<\/li>\n<li>Wszelkie ustne ustalenia mi\u0119dzy Stronami wi\u0105\u017c\u0105 dopiero z chwil\u0105 potwierdzenia ich przez Strony na pi\u015bmie pod rygorem niewa\u017cno\u015bci.<\/li>\n<li>Sprawy sporne wynikaj\u0105ce z um\u00f3w sprzeda\u017cy, kt\u00f3rych dotyczy niniejszy Regulamin rozstrzyga\u0107 b\u0119d\u0105 s\u0105dy powszechne w\u0142a\u015bciwe dla siedziby Sprzedaj\u0105cego.<\/li>\n<\/ol>\n<p><strong>Rozpatrywanie reklamacji oparte jest o przepisy Kodeksu Cywilnego a tak\u017ce o Ustaw\u0119 z 27 lipca 2002 r. o szczeg\u00f3lnych warunkach sprzeda\u017cy konsumenckiej oraz o zmianie Kodeksu Cywilnego.<\/strong><\/p>\n<hr>\n<h2>REKLAMACJE PROJEKTORY EPSON<\/h2>\n<div><strong>Bezpo\u015bredni kontakt:<\/strong><\/div>\n<div>Infolinia Epson: +48222953725<\/div>\n<div><\/div>\n<div>EPSON EUROPE B.V. Oddzia\u0142 w Polsce<br \/>\nul. Bokserska 66<br \/>\n02-690 Warszawaodwied\u017a nas na <a href=\"http:\/\/www.epson.pl\">www.epson.pl<\/a><\/div>\n<h2>REKLAMACJE PROJEKTORY OPTOMA<\/h2>\n<p><strong>Serwis gwarancyjny<\/strong> Optomy w Polsce jest wykonywany przez firm\u0119 <strong>FIXit<\/strong><\/p>\n<p><a href=\"http:\/\/www.fixit.pl\/?zasady-reklamacji-optoma,13\">Wi\u0119cej informacji tutaj<\/a><\/p>\n<hr>\n<p>Zgodnie z art. 13 ust. 1 og\u00f3lnego rozporz\u0105dzenia o ochronie danych osobowych z dnia<br \/>\n27 kwietnia 2016 r. (RODO), informuj\u0119, i\u017c:<br \/>\n1.\tAdministratorem Pani\/Pana danych osobowych jest firma 2&#215;3 S.A. z siedzib\u0105 przy ulicy S\u0142onecznej 3, 73-231 Krz\u0119cin.<br \/>\n2.\tW sprawach zwi\u0105zanych z ochron\u0105 danych osobowych mo\u017cna skontaktowa\u0107 si\u0119 z Inspektorem Ochrony Danych Osobowych za po\u015brednictwem poczty elektronicznej na adres e-mail iodo@2&#215;3.pl lub pisemnie na adres siedziby firmy.<br \/>\n3.\tPani\/Pana dane osobowe przetwarzane b\u0119d\u0105 na podstawie art. 6 ust. 1 lit. b, c oraz f RODO<br \/>\n4.\tw celu rozpatrywania skarg, wniosk\u00f3w, reklamacji, r\u0119kojmi i gwarancji.<br \/>\n5.\tOdbiorcami Pani\/Pana danych osobowych mog\u0105 by\u0107:<br \/>\na)\tbanki- w przypadku konieczno\u015bci prowadzenia rozlicze\u0144;<br \/>\nb)\torgany pa\u0144stwowe lub inne podmioty uprawnione na postawie przepis\u00f3w prawa- celem wykonania ci\u0105\u017c\u0105cych na administratorze obowi\u0105zk\u00f3w;<br \/>\nc)\tpodmioty \u015bwiadcz\u0105ce us\u0142ugi transportowe, Poczta Polska, kurierzy;<br \/>\nd)\tpodmioty obs\u0142uguj\u0105ce nasze systemy teleinformatyczne tj. firmy hostingowe, dostawcy us\u0142ug IT;<br \/>\ne)\tpodmioty \u015bwiadcz\u0105ce dla nas us\u0142ugi z zakresu pomocy prawnej, ubezpiecze\u0144, ochrony mienia, audytuj\u0105ce.<br \/>\n6.\tPani\/Pana dane osobowe nie b\u0119d\u0105 przekazywane do pa\u0144stw trzecich a wi\u0119c poza teren Europejskiego Obszaru Gospodarczego.<br \/>\n7.\tPani\/Pana dane osobowe b\u0119d\u0105 przechowywane do czasu up\u0142ywu r\u0119kojmi lub rozliczenia reklamacji.<br \/>\n8.\tPrzys\u0142uguje Pani\/Pan prawo do:<br \/>\na)\tdost\u0119pu do swoich danych oraz otrzymania ich kopii;<br \/>\nb)\t\u017c\u0105dania sprostowania (poprawiania) swoich danych osobowych;<br \/>\nc)\tusuni\u0119cia danych osobowych;<br \/>\nd)\tograniczenia przetwarzania danych osobowych;<br \/>\ne)\tprzenoszenia danych;<br \/>\nW zakresie, w jakim postaw\u0105 przetwarzania Pani\/Pana danych osobowych jest zgoda wyra\u017cona na podstawie przepis\u00f3w RODO, przys\u0142uguje Pani\/Panu prawo do cofni\u0119cia takiej zgody. Wycofanie zgody nie ma wp\u0142ywu ma przetwarzanie, kt\u00f3rego dokonano przed jej wycofaniem.<br \/>\n9.\tJe\u015bli uzna Pani\/Pan, i\u017c przetwarzanie danych osobowych Pani\/Pana dotycz\u0105cych narusza przepisy RODO, przys\u0142uguje Pani\/Panu prawo wniesienia skargi do Prezesa Urz\u0119du Ochrony Danych Osobowych.<br \/>\n10.\tPodanie przez Pani\u0105\/Pana danych osobowych jest warunkiem rozpatrzenia skarg, wniosk\u00f3w, reklamacji, r\u0119kojmi i gwarancji.<br \/>\n11.\tPani\/Pana dane osobowe nie b\u0119d\u0105 przetwarzane w spos\u00f3b zautomatyzowany, w tym w formie profilowania.<br \/>\n12.\tZgodnie z art. 21 ust. 4 RODO informuj\u0119, i\u017c przys\u0142uguje Pani\/Panu prawo wniesienia sprzeciwu wobec przetwarzania dotycz\u0105cych Pani\/Panu danych osobowych. Sprzeciw nale\u017cy z\u0142o\u017cy\u0107 Inspektorowi Ochrony Danych, kt\u00f3rego dane kontaktowe wskazane s\u0105 w pkt 2. Zgodnie z art. 21 ust. 1 RODO, sk\u0142adaj\u0105c sprzeciw, nale\u017cy wskaza\u0107 jego przyczyny zwi\u0105zane z Pani\/Pana szczeg\u00f3ln\u0105 sytuacj\u0105.<\/p>\n<p><\/p>\n","protected":false},"excerpt":{"rendered":"","protected":false},"author":18,"featured_media":0,"parent":0,"menu_order":0,"comment_status":"closed","ping_status":"closed","template":"","meta":{"ngg_post_thumbnail":0,"footnotes":""},"class_list":["post-821","page","type-page","status-publish","hentry"],"_links":{"self":[{"href":"https:\/\/www.2x3.pl\/pl\/wp-json\/wp\/v2\/pages\/821","targetHints":{"allow":["GET"]}}],"collection":[{"href":"https:\/\/www.2x3.pl\/pl\/wp-json\/wp\/v2\/pages"}],"about":[{"href":"https:\/\/www.2x3.pl\/pl\/wp-json\/wp\/v2\/types\/page"}],"author":[{"embeddable":true,"href":"https:\/\/www.2x3.pl\/pl\/wp-json\/wp\/v2\/users\/18"}],"replies":[{"embeddable":true,"href":"https:\/\/www.2x3.pl\/pl\/wp-json\/wp\/v2\/comments?post=821"}],"version-history":[{"count":3,"href":"https:\/\/www.2x3.pl\/pl\/wp-json\/wp\/v2\/pages\/821\/revisions"}],"predecessor-version":[{"id":14972,"href":"https:\/\/www.2x3.pl\/pl\/wp-json\/wp\/v2\/pages\/821\/revisions\/14972"}],"wp:attachment":[{"href":"https:\/\/www.2x3.pl\/pl\/wp-json\/wp\/v2\/media?parent=821"}],"curies":[{"name":"wp","href":"https:\/\/api.w.org\/{rel}","templated":true}]}}